{"id":17,"date":"2020-11-07T23:00:02","date_gmt":"2020-11-07T22:00:02","guid":{"rendered":"http:\/\/eelannonay.org\/?page_id=17"},"modified":"2026-04-17T12:09:44","modified_gmt":"2026-04-17T10:09:44","slug":"notre-eglise","status":"publish","type":"page","link":"http:\/\/www.eelannonay.org\/","title":{"rendered":"Accueil"},"content":{"rendered":"<div class=\"wp-block-media-text is-stacked-on-mobile\" style=\"grid-template-columns: 24% auto;\">\n<figure class=\"wp-block-media-text__media\"><img loading=\"lazy\" decoding=\"async\" class=\"wp-image-679 size-full\" src=\"http:\/\/eelannonay.org\/wp-content\/uploads\/Logo-EEL-300x239.jpg\" alt=\"\" width=\"300\" height=\"239\" \/><\/figure>\n<div class=\"wp-block-media-text__content\">\n<h2 class=\"wp-block-heading\"><\/h2>\n<h1 class=\"wp-block-heading has-vivid-red-color has-text-color\"><\/h1>\n<h1 class=\"wp-block-heading\">Culte tous les dimanches \u00e0 10h \u00e0 la chapelle<\/h1>\n<h2 class=\"wp-block-heading\">Avec un temps de d\u00e9couverte de la bible pour les enfants<\/h2>\n<h2 class=\"wp-block-heading\">Adresse : 7, boulevard de la R\u00e9publique, ANNONAY<\/h2>\n<h3 class=\"wp-block-heading\">La salle dite du \u00ab\u00a0Forum\u00a0\u00bb, sous la chapelle, entr\u00e9e par la rue Saint Georges<\/h3>\n<\/div>\n<hr class=\"wp-block-separator has-alpha-channel-opacity\" \/>\n<p class=\"has-text-align-center\" style=\"text-align: center;\">\u2666<\/p>\n<h1 class=\"wp-block-heading has-text-align-center\" style=\"text-align: center;\">Ann\u00e9e 2026<\/h1>\n<p class=\"has-text-align-center\" style=\"text-align: center;\">\u2666<\/p>\n<h1 class=\"wp-block-heading has-text-align-center\" style=\"text-align: center;\">Avril 2026<\/h1>\n<p>&nbsp;<\/p>\n<p><img loading=\"lazy\" decoding=\"async\" class=\"aligncenter\" src=\"http:\/\/www.eelannonay.org\/wp-content\/uploads\/affiche-soiree-louange.jpg\" width=\"680\" height=\"991\" \/><\/p>\n<p class=\"has-text-align-center\" style=\"text-align: center;\">\u2666<\/p>\n<h3 class=\"wp-block-heading has-text-align-center\" style=\"text-align: center;\">Agenda du mois d&rsquo;avril 2026 \u00e0 t\u00e9l\u00e9charger ci-dessous<\/h3>\n<p class=\"has-text-align-center\" style=\"text-align: center;\"><a href=\"http:\/\/www.eelannonay.org\/wp-content\/uploads\/Agenda-EEL-Annonay-avril-2026.pdf\" target=\"_blank\" rel=\"noreferrer noopener\">Programme EEL Annonay avril 2026<\/a><\/p>\n<p class=\"has-text-align-center\" style=\"text-align: center;\">\u2666<\/p>\n<p style=\"text-align: center;\"><strong>Quelques dates \u00e0 retenir pour ce mois d&rsquo;avril 2026<\/strong><\/p>\n<div align=\"center\"><span style=\"color: #008000; font-size: x-large;\"><strong>Jeudi 2 avril :\u00a0<\/strong><\/span><\/div>\n<div align=\"center\"><span style=\"color: #008000; font-size: x-large;\"><strong>C\u00e9l\u00e9bration commune EEL-EPUDF du Jeudi Saint.<\/strong><\/span><span style=\"color: #008000;\"><br \/>\n<span style=\"font-size: x-large;\"><strong>Lieu : La chapelle \u00e0 19h (jusqu&rsquo;\u00e0 20h)<\/strong><\/span><\/span><\/div>\n<div align=\"center\">&#8230;<\/div>\n<div align=\"center\"><span style=\"color: #8080ff; font-size: x-large;\"><strong>Dimanche 5 avril :\u00a0<\/strong><\/span><\/div>\n<div align=\"center\"><span style=\"color: #8080ff; font-size: x-large;\"><strong>C\u00e9l\u00e9bration de P\u00e2ques<\/strong><\/span><span style=\"color: #8080ff;\"><br \/>\n<span style=\"font-size: x-large;\"><strong>Marche avec tous les chr\u00e9tiens d&rsquo;Annonay sur le Montmiandon,\u00a0<\/strong><\/span><\/span><\/div>\n<div align=\"center\"><span style=\"color: #8080ff; font-size: x-large;\"><strong>rendez vous \u00e0 l&rsquo;ancienne \u00e9cole de Ch\u00e2tinais \u00e0 6h<\/strong><\/span><\/div>\n<div align=\"center\"><span style=\"color: #8080ff; font-size: x-large;\"><strong>Culte \u00e0 10h \u00e0 la chapelle<\/strong><\/span><\/div>\n<div align=\"center\">&#8230;<\/div>\n<div align=\"center\"><\/div>\n<div align=\"center\"><span style=\"color: #ff0000; font-size: x-large;\"><strong>Samedi 25 avril :\u00a0<\/strong><\/span><\/div>\n<div align=\"center\"><span style=\"color: #ff0000; font-size: x-large;\"><strong>Soir\u00e9e de louange ouverte \u00e0 tous<\/strong><\/span><span style=\"color: #ff0000;\"><br \/>\n<span style=\"font-size: x-large;\"><strong>Lieu : la chapelle \u00e0 19h30<\/strong><\/span><\/span><\/div>\n<p class=\"has-text-align-center\" style=\"text-align: center;\">\u2666<\/p>\n<p class=\"has-text-align-center\" style=\"text-align: center;\">Retrouver toutes les dates, les rencontres, les lectures communautaires, les rencontres de pri\u00e8res, les rencontres du groupe de jeunes dans l\u2019agenda \u00e0 t\u00e9l\u00e9charger.<\/p>\n<p class=\"has-text-align-center\" style=\"text-align: center;\">\u2666<\/p>\n<h2 class=\"wp-block-heading has-text-align-center\" style=\"text-align: center;\">M\u00e9ditation du mois<\/h2>\n<h5 class=\"wp-block-heading has-text-align-center\" style=\"text-align: center;\"><img loading=\"lazy\" decoding=\"async\" class=\"alignnone size-large\" src=\"http:\/\/www.eelannonay.org\/wp-content\/uploads\/mot-du-mois-avril-2026.jpg\" alt=\"mot du mois avril 2026\" width=\"488\" height=\"534\" \/><\/h5>\n<p>&nbsp;<\/p>\n<p class=\"has-text-align-center\" style=\"text-align: center;\">\u00a0\u2014<\/p>\n<div class=\"wp-block-image\" style=\"text-align: center;\">\n<figure class=\"aligncenter is-resized\"><img decoding=\"async\" class=\"wp-image-184\" style=\"aspect-ratio: 1.3350515463917525; width: 125px; height: auto;\" src=\"http:\/\/eelannonay.org\/wp-content\/uploads\/2018\/03\/formation-biblique-coeur.jpg\" alt=\"formation biblique coeur\" \/><\/figure>\n<\/div>\n<h2 class=\"wp-block-heading has-text-align-center\" style=\"text-align: center;\">Lecture de l\u2019\u00e9vangile \/ Echange autour de la parole<\/h2>\n<h2 class=\"wp-block-heading has-text-align-center\" style=\"text-align: center;\">Vous \u00eates les bienvenus<\/h2>\n<p class=\"has-text-align-center\" style=\"text-align: center;\">\u00a0\u2014<\/p>\n<h2 class=\"wp-block-heading has-text-align-center\" style=\"text-align: center;\">Au forum\u00a0(sous la chapelle, acc\u00e8s par la rue Saint Georges)<\/h2>\n<h2 class=\"wp-block-heading has-text-align-center\" style=\"text-align: center;\"><mark class=\"has-inline-color has-luminous-vivid-orange-color\" style=\"background-color: rgba(0, 0, 0, 0);\">Lecture ensemble autour du livre des Actes<\/mark><\/h2>\n<h3 class=\"wp-block-heading has-text-align-center\" style=\"text-align: center;\">\u00a0\u2014<\/h3>\n<h2 class=\"wp-block-heading has-text-align-center\" style=\"text-align: center;\">A Bogy ou F\u00e9lines<\/h2>\n<h2 class=\"wp-block-heading has-text-align-center\" style=\"text-align: center;\"><mark class=\"has-inline-color has-luminous-vivid-orange-color\" style=\"background-color: rgba(0, 0, 0, 0);\">Lecture ensemble de l\u2019\u00e9vangile de Marc<\/mark><\/h2>\n<h3 class=\"wp-block-heading has-text-align-center\" style=\"text-align: center;\">\u2666<\/h3>\n<h2 class=\"wp-block-heading has-text-align-center\" style=\"text-align: center;\">R\u00e9union de pri\u00e8res<\/h2>\n<h3 class=\"wp-block-heading has-text-align-center\" style=\"text-align: center;\">Au forum, tous les mardis \u00e0 18h30<\/h3>\n<h3 class=\"wp-block-heading has-text-align-center\" style=\"text-align: center;\">\u2666<\/h3>\n<h2 class=\"wp-block-heading has-text-align-center\" style=\"text-align: center;\">Lecture biblique<\/h2>\n<h3 class=\"wp-block-heading has-text-align-center\" style=\"text-align: center;\">\u00e0 la r\u00e9sidence des colombes<\/h3>\n<h3 class=\"wp-block-heading has-text-align-center\" style=\"text-align: center;\">les mardis \u00e0 15h<\/h3>\n<p class=\"has-text-align-center\" style=\"text-align: center;\">\u2666<\/p>\n<h2 class=\"wp-block-heading has-text-align-center\" style=\"text-align: center;\">Culte \u00e0 la maison de retraite<\/h2>\n<h2 class=\"wp-block-heading has-text-align-center\" style=\"text-align: center;\">des Colombes<\/h2>\n<h3 class=\"wp-block-heading has-text-align-center\" style=\"text-align: center;\">le premier vendredi du mois \u00e0 16h45<\/h3>\n<h2 class=\"wp-block-heading has-text-align-center\" style=\"text-align: center;\">\u00e0 la maison de retraite protestante de Montalivet<\/h2>\n<h3 class=\"wp-block-heading has-text-align-center\" style=\"text-align: center;\">les autres vendredis \u00e0 16h45<\/h3>\n<p class=\"has-text-align-center\" style=\"text-align: center;\">\u2666<\/p>\n<figure class=\"wp-block-image size-full\"><img loading=\"lazy\" decoding=\"async\" class=\"wp-image-1169\" src=\"http:\/\/www.eelannonay.org\/wp-content\/uploads\/image-6.png\" sizes=\"auto, (max-width: 898px) 100vw, 898px\" srcset=\"http:\/\/www.eelannonay.org\/wp-content\/uploads\/image-6.png 898w, http:\/\/www.eelannonay.org\/wp-content\/uploads\/image-6-300x110.png 300w, http:\/\/www.eelannonay.org\/wp-content\/uploads\/image-6-768x282.png 768w\" alt=\"\" width=\"898\" height=\"330\" \/><\/figure>\n<p class=\"has-text-align-center\">\u2666<\/p>\n<h1 class=\"wp-block-heading has-text-align-center\">Lien vers les pr\u00e9dications enregistr\u00e9es<\/h1>\n<p>Depuis quelques temps, les pr\u00e9dications sont enregistr\u00e9es par Dominique : Vous pouvez retrouvez les pr\u00e9dications dans l\u2019onglet \u2018Articles\u2019. <a href=\"http:\/\/www.eelannonay.org\/index.php\/articles\/\" data-type=\"page\" data-id=\"28\">Accessible aussi par ce lien<\/a><\/p>\n<p class=\"has-text-align-center\">\u2666<\/p>\n<h1 class=\"wp-block-heading has-text-align-center\">Mars 2026<\/h1>\n<p class=\"has-text-align-center\">\u2666<\/p>\n<h3 class=\"wp-block-heading has-text-align-center\">Agenda du mois de mars 2026 \u00e0 t\u00e9l\u00e9charger ci-dessous<\/h3>\n<p class=\"has-text-align-center\"><a href=\"http:\/\/www.eelannonay.org\/wp-content\/uploads\/Agenda-EEL-Annonay-mars-2026.pdf\" target=\"_blank\" rel=\"noreferrer noopener\">Programme EEL Annonay mars 2026<\/a><\/p>\n<p class=\"has-text-align-center\">\u2666<\/p>\n<p><strong>Quelques dates \u00e0 retenir pour ce mois de mars 2026<\/strong><strong>:<\/strong><\/p>\n<ul class=\"wp-block-list\">\n<li>Jeudi 12 mars <mark class=\"has-inline-color has-vivid-cyan-blue-color\" style=\"background-color: rgba(0, 0, 0, 0);\"><strong>: Proposition du groupe \u0153cum\u00e9nique d\u2019Annonay, une table ronde : \u00ab\u00a0Comprendre l\u2019Eucharistie, la Sainte C\u00e8ne, le repas du Seigneur\u00a0\u00bb<strong>. Lieu : Lyc\u00e9e Saint Denis \u00e0 20h30.<\/strong><\/strong><\/mark><\/li>\n<li><mark class=\"has-inline-color has-luminous-vivid-orange-color\" style=\"background-color: rgba(0, 0, 0, 0);\"><strong>Le dimanche 15 mars : Journ\u00e9e sp\u00e9ciale. Culte avec des bapt\u00eames. Temps de pri\u00e8re \u00e0 9h15 au forum, Culte et bapt\u00eames, suivi d\u2019un repas partag\u00e9 pour c\u00e9l\u00e9brer ces bapt\u00eames ensemble, un temps de pri\u00e8res d\u2019intercession pour la communaut\u00e9 \u00e0 14h30.<\/strong> <a href=\"http:\/\/www.eelannonay.org\/wp-content\/uploads\/image-important-150x150-1.png\">!!!<\/a> <\/mark><strong><mark class=\"has-inline-color has-vivid-red-color\" style=\"background-color: rgba(0, 0, 0, 0);\">ATTENTION, il faudra passer par la porte du jardin pour entrer.<\/mark><\/strong> !!!<\/li>\n<li>Dimanche 22 mars <mark class=\"has-inline-color has-vivid-cyan-blue-color\" style=\"background-color: rgba(0, 0, 0, 0);\"><strong>: <strong>Notre assembl\u00e9e g\u00e9n\u00e9rale \u00e0 14h30 au forum. \u00a0<\/strong><\/strong><\/mark><\/li>\n<li><mark class=\"has-inline-color has-vivid-red-color\" style=\"background-color: rgba(0, 0, 0, 0);\"><strong>2 groupes de lecture de la bible : Lecture dynamique et participative<\/strong><\/mark><mark class=\"has-inline-color has-vivid-green-cyan-color\" style=\"background-color: rgba(0, 0, 0, 0);\"> <\/mark>(dates et lieux, voir agenda)<\/li>\n<li><strong><mark class=\"has-inline-color has-vivid-purple-color\" style=\"background-color: rgba(0, 0, 0, 0);\">r\u00e9union de pri\u00e8res hebdomadaires<\/mark><\/strong> (dates et lieux, voir agenda)<\/li>\n<\/ul>\n<p class=\"has-text-align-center\">\u2666<\/p>\n<p class=\"has-text-align-center\">Retrouver toutes les dates, les rencontres, les lectures communautaires, les rencontres de pri\u00e8res, les rencontres du groupe de jeunes dans l\u2019agenda \u00e0 t\u00e9l\u00e9charger.<\/p>\n<p class=\"has-text-align-center\">\u2666<\/p>\n<h2 class=\"wp-block-heading has-text-align-center\">M\u00e9ditation du mois<\/h2>\n<h5 class=\"wp-block-heading has-text-align-center\">(A voir dans l\u2019agenda en t\u00e9l\u00e9chargement)<\/h5>\n<p class=\"has-text-align-center\">\u00a0\u2014<\/p>\n<div class=\"wp-block-image\">\n<figure class=\"aligncenter is-resized\"><img decoding=\"async\" class=\"wp-image-184\" style=\"aspect-ratio: 1.3350515463917525; width: 125px; height: auto;\" src=\"http:\/\/eelannonay.org\/wp-content\/uploads\/2018\/03\/formation-biblique-coeur.jpg\" alt=\"formation biblique coeur\" \/><\/figure>\n<\/div>\n<h2 class=\"wp-block-heading has-text-align-center\">Lecture de l\u2019\u00e9vangile \/ Echange autour de la parole<\/h2>\n<h2 class=\"wp-block-heading has-text-align-center\">Vous \u00eates les bienvenus<\/h2>\n<p class=\"has-text-align-center\">\u00a0\u2014<\/p>\n<h2 class=\"wp-block-heading has-text-align-center\">Au forum\u00a0(sous la chapelle, acc\u00e8s par la rue Saint Georges)<\/h2>\n<h2 class=\"wp-block-heading has-text-align-center\"><mark class=\"has-inline-color has-luminous-vivid-orange-color\" style=\"background-color: rgba(0, 0, 0, 0);\">Lecture ensemble autour du livre des Actes<\/mark><\/h2>\n<h3 class=\"wp-block-heading has-text-align-center\">\u00a0\u2014<\/h3>\n<h2 class=\"wp-block-heading has-text-align-center\">A Bogy ou F\u00e9lines<\/h2>\n<h2 class=\"wp-block-heading has-text-align-center\"><mark class=\"has-inline-color has-luminous-vivid-orange-color\" style=\"background-color: rgba(0, 0, 0, 0);\">Lecture ensemble de l\u2019\u00e9vangile de Marc<\/mark><\/h2>\n<h3 class=\"wp-block-heading has-text-align-center\">\u2666<\/h3>\n<h2 class=\"wp-block-heading has-text-align-center\">R\u00e9union de pri\u00e8res<\/h2>\n<h3 class=\"wp-block-heading has-text-align-center\">Au forum, tous les mardis \u00e0 18h30<\/h3>\n<h3 class=\"wp-block-heading has-text-align-center\">\u2666<\/h3>\n<h2 class=\"wp-block-heading has-text-align-center\">Lecture biblique<\/h2>\n<h3 class=\"wp-block-heading has-text-align-center\">\u00e0 la r\u00e9sidence des colombes<\/h3>\n<h3 class=\"wp-block-heading has-text-align-center\">les mardis \u00e0 15h<\/h3>\n<p class=\"has-text-align-center\">\u2666<\/p>\n<h2 class=\"wp-block-heading has-text-align-center\">Culte \u00e0 la maison de retraite<\/h2>\n<h2 class=\"wp-block-heading has-text-align-center\">des Colombes<\/h2>\n<h3 class=\"wp-block-heading has-text-align-center\">le premier vendredi du mois \u00e0 16h45<\/h3>\n<h2 class=\"wp-block-heading has-text-align-center\">\u00e0 la maison de retraite protestante de Montalivet<\/h2>\n<h3 class=\"wp-block-heading has-text-align-center\">les autres vendredis \u00e0 16h45<\/h3>\n<p class=\"has-text-align-center\">\u2666<\/p>\n<h1 class=\"wp-block-heading has-text-align-center\">F\u00e9vrier 2026<\/h1>\n<p class=\"has-text-align-center\">\u2666<\/p>\n<h3 class=\"wp-block-heading has-text-align-center\">Agenda du mois de f\u00e9vrier 2026 \u00e0 t\u00e9l\u00e9charger ci-dessous<\/h3>\n<p class=\"has-text-align-center\"><a href=\"http:\/\/www.eelannonay.org\/wp-content\/uploads\/Agenda-EEL-Annonay-fevrier-2026.pdf\" target=\"_blank\" rel=\"noreferrer noopener\">Programme EEL Annonay f\u00e9vrier 2026<\/a><\/p>\n<p class=\"has-text-align-center\">\u2666<\/p>\n<p><strong>Quelques dates \u00e0 retenir pour ce mois de f\u00e9vrier 2026<\/strong><strong>:<\/strong><\/p>\n<ul class=\"wp-block-list\">\n<li>Dimanche 1er f\u00e9vrier <mark class=\"has-inline-color has-vivid-cyan-blue-color\" style=\"background-color: rgba(0, 0, 0, 0);\"><strong>: <strong>Culte en commun avec l\u2019\u00e9glise EPUDF. Nos fr\u00e8res et soeurs nous accueillent au temple \u00e0 10h15. Adresse : 15 rue Franki Kramer. Pas de culte \u00e0 la chapelle.<\/strong><\/strong><\/mark><\/li>\n<li><strong><mark class=\"has-inline-color has-vivid-red-color\" style=\"background-color: rgba(0, 0, 0, 0);\">Le dimanche 8 f\u00e9vrier : Journ\u00e9e communautaire. Temps de pri\u00e8re \u00e0 9h15 au forum, Culte, suivi d\u2019un temps de jeun, d\u2019une marche m\u00e9ditative d\u2019un temps de pri\u00e8res d\u2019intercession pour la communaut\u00e9 \u00e0 14h30.<\/mark><\/strong><\/li>\n<li>Dimanche 22 f\u00e9vrier <mark class=\"has-inline-color has-vivid-cyan-blue-color\" style=\"background-color: rgba(0, 0, 0, 0);\"><strong>: <strong>Notre culte, suivi d\u2019un\u00a0Repas Qui est-ce ?<br \/>\nPensez \u00e0 vous inscrire pour inviter ou \u00eatre invit\u00e9.\u00a0<\/strong><\/strong><\/mark><\/li>\n<li><mark class=\"has-inline-color has-vivid-red-color\" style=\"background-color: rgba(0, 0, 0, 0);\"><strong>2 groupes de lecture de la bible : Lecture dynamique et participative<\/strong><\/mark><mark class=\"has-inline-color has-vivid-green-cyan-color\" style=\"background-color: rgba(0, 0, 0, 0);\"> <\/mark>(dates et lieux, voir agenda)<\/li>\n<li><strong><mark class=\"has-inline-color has-vivid-purple-color\" style=\"background-color: rgba(0, 0, 0, 0);\">r\u00e9union de pri\u00e8res hebdomadaires<\/mark><\/strong> (dates et lieux, voir agenda)<\/li>\n<\/ul>\n<p class=\"has-text-align-center\">\u2666<\/p>\n<p class=\"has-text-align-center\">Retrouver toutes les dates, les rencontres, les lectures communautaires, les rencontres de pri\u00e8res, les rencontres du groupe de jeunes dans l\u2019agenda \u00e0 t\u00e9l\u00e9charger.<\/p>\n<p class=\"has-text-align-center\">\u2666<\/p>\n<h2 class=\"wp-block-heading has-text-align-center\">M\u00e9ditation du mois<\/h2>\n<h5 class=\"wp-block-heading has-text-align-center\">(A voir dans l\u2019agenda en t\u00e9l\u00e9chargement)<\/h5>\n<p class=\"has-text-align-center\">\u00a0\u2014<\/p>\n<div class=\"wp-block-image\">\n<figure class=\"aligncenter is-resized\"><img decoding=\"async\" class=\"wp-image-184\" style=\"aspect-ratio: 1.3350515463917525; width: 125px; height: auto;\" src=\"http:\/\/eelannonay.org\/wp-content\/uploads\/2018\/03\/formation-biblique-coeur.jpg\" alt=\"formation biblique coeur\" \/><\/figure>\n<\/div>\n<h2 class=\"wp-block-heading has-text-align-center\">Lecture de l\u2019\u00e9vangile \/ Echange autour de la parole<\/h2>\n<h2 class=\"wp-block-heading has-text-align-center\">Vous \u00eates les bienvenus<\/h2>\n<p class=\"has-text-align-center\">\u00a0\u2014<\/p>\n<h2 class=\"wp-block-heading has-text-align-center\">Au forum\u00a0(sous la chapelle, acc\u00e8s par la rue Saint Georges)<\/h2>\n<h2 class=\"wp-block-heading has-text-align-center\"><mark class=\"has-inline-color has-luminous-vivid-orange-color\" style=\"background-color: rgba(0, 0, 0, 0);\">Lecture ensemble autour du livre des Actes<\/mark><\/h2>\n<h3 class=\"wp-block-heading has-text-align-center\">\u00a0\u2014<\/h3>\n<h2 class=\"wp-block-heading has-text-align-center\">A Bogy ou F\u00e9lines<\/h2>\n<h2 class=\"wp-block-heading has-text-align-center\"><mark class=\"has-inline-color has-luminous-vivid-orange-color\" style=\"background-color: rgba(0, 0, 0, 0);\">Lecture ensemble de l\u2019\u00e9vangile de Marc<\/mark><\/h2>\n<h3 class=\"wp-block-heading has-text-align-center\">\u2666<\/h3>\n<h2 class=\"wp-block-heading has-text-align-center\">R\u00e9union de pri\u00e8res<\/h2>\n<h3 class=\"wp-block-heading has-text-align-center\">Au forum, tous les mardis \u00e0 18h30<\/h3>\n<h3 class=\"wp-block-heading has-text-align-center\">\u2666<\/h3>\n<h2 class=\"wp-block-heading has-text-align-center\">Lecture biblique<\/h2>\n<h3 class=\"wp-block-heading has-text-align-center\">\u00e0 la r\u00e9sidence des colombes<\/h3>\n<h3 class=\"wp-block-heading has-text-align-center\">les mardis \u00e0 15h<\/h3>\n<p class=\"has-text-align-center\">\u2666<\/p>\n<h2 class=\"wp-block-heading has-text-align-center\">Culte \u00e0 la maison de retraite<\/h2>\n<h2 class=\"wp-block-heading has-text-align-center\">des Colombes<\/h2>\n<h3 class=\"wp-block-heading has-text-align-center\">le premier vendredi du mois \u00e0 16h45<\/h3>\n<h2 class=\"wp-block-heading has-text-align-center\">\u00e0 la maison de retraite protestante de Montalivet<\/h2>\n<h3 class=\"wp-block-heading has-text-align-center\">les autres vendredis \u00e0 16h45<\/h3>\n<p class=\"has-text-align-center\">\u2666<\/p>\n<h1 class=\"wp-block-heading has-text-align-center\">Janvier 2026<\/h1>\n<p class=\"has-text-align-center\">\u2666<\/p>\n<h3 class=\"wp-block-heading has-text-align-center\">Agenda du mois de janvier 2026 \u00e0 t\u00e9l\u00e9charger ci-dessous<\/h3>\n<p class=\"has-text-align-center\"><a href=\"http:\/\/www.eelannonay.org\/wp-content\/uploads\/Agenda-EEL-Annonay-janvier-2026.pdf\" target=\"_blank\" rel=\"noreferrer noopener\">Programme EEL Annonay janvier 2026<\/a><\/p>\n<p class=\"has-text-align-center\">\u2666<\/p>\n<p><strong>Quelques dates \u00e0 retenir pour ce mois de janvier 2026<\/strong><strong> :<\/strong><\/p>\n<ul class=\"wp-block-list\">\n<li><strong><mark class=\"has-inline-color has-vivid-red-color\" style=\"background-color: rgba(0, 0, 0, 0);\">Le dimanche 11 janvier : Journ\u00e9e communautaire. Temps de pri\u00e8re \u00e0 9h15 au forum, Culte, suivi d\u2019un repas partag\u00e9 et d\u2019un temps de pri\u00e8res d\u2019intercession pour la communaut\u00e9 \u00e0 14h30.<\/mark><\/strong><\/li>\n<li>Samedi 17 janvier <mark class=\"has-inline-color has-vivid-cyan-blue-color\" style=\"background-color: rgba(0, 0, 0, 0);\"><strong>: Mariage de Ruth et Mat\u00e9os \u00e0 la chapelle. <\/strong><\/mark><\/li>\n<li><mark class=\"has-inline-color has-vivid-red-color\" style=\"background-color: rgba(0, 0, 0, 0);\"><strong>2 groupes de lecture de la bible : Lecture dynamique et participative<\/strong><\/mark><mark class=\"has-inline-color has-vivid-green-cyan-color\" style=\"background-color: rgba(0, 0, 0, 0);\"> <\/mark>(dates et lieux, voir agenda)<\/li>\n<li><strong><mark class=\"has-inline-color has-vivid-purple-color\" style=\"background-color: rgba(0, 0, 0, 0);\">r\u00e9union de pri\u00e8res hebdomadaires<\/mark><\/strong> (dates et lieux, voir agenda)<\/li>\n<\/ul>\n<p class=\"has-text-align-center\">\u2666<\/p>\n<p class=\"has-text-align-center\">Retrouver toutes les dates, les rencontres, les lectures communautaires, les rencontres de pri\u00e8res, les rencontres du groupe de jeunes dans l\u2019agenda \u00e0 t\u00e9l\u00e9charger.<\/p>\n<p class=\"has-text-align-center\">\u2666<\/p>\n<h2 class=\"wp-block-heading has-text-align-center\">M\u00e9ditation du mois<\/h2>\n<h2 class=\"wp-block-heading has-text-align-left\"><\/h2>\n<div class=\"wp-block-image\">\n<figure class=\"aligncenter size-full is-resized\"><img loading=\"lazy\" decoding=\"async\" class=\"wp-image-1138\" style=\"width: 662px; height: auto;\" src=\"http:\/\/www.eelannonay.org\/wp-content\/uploads\/image-5.png\" sizes=\"auto, (max-width: 662px) 100vw, 662px\" srcset=\"http:\/\/www.eelannonay.org\/wp-content\/uploads\/image-5.png 662w, http:\/\/www.eelannonay.org\/wp-content\/uploads\/image-5-218x300.png 218w\" alt=\"\" width=\"662\" height=\"913\" \/><\/figure>\n<\/div>\n<p class=\"has-text-align-center\">\u00a0\u2014<\/p>\n<div class=\"wp-block-image\">\n<figure class=\"aligncenter is-resized\"><img decoding=\"async\" class=\"wp-image-184\" style=\"aspect-ratio: 1.3350515463917525; width: 125px; height: auto;\" src=\"http:\/\/eelannonay.org\/wp-content\/uploads\/2018\/03\/formation-biblique-coeur.jpg\" alt=\"formation biblique coeur\" \/><\/figure>\n<\/div>\n<h2 class=\"wp-block-heading has-text-align-center\">Lecture de l\u2019\u00e9vangile \/ Echange autour de la parole<\/h2>\n<h2 class=\"wp-block-heading has-text-align-center\">Vous \u00eates les bienvenus<\/h2>\n<p class=\"has-text-align-center\">\u00a0\u2014<\/p>\n<h2 class=\"wp-block-heading has-text-align-center\">Au forum\u00a0(sous la chapelle, acc\u00e8s par la rue Saint Georges)<\/h2>\n<h2 class=\"wp-block-heading has-text-align-center\"><mark class=\"has-inline-color has-luminous-vivid-orange-color\" style=\"background-color: rgba(0, 0, 0, 0);\">Lecture ensemble autour du livre des Actes<\/mark><\/h2>\n<h3 class=\"wp-block-heading has-text-align-center\">\u00a0\u2014<\/h3>\n<h2 class=\"wp-block-heading has-text-align-center\">A Bogy chez David et Yolande<\/h2>\n<h2 class=\"wp-block-heading has-text-align-center\"><mark class=\"has-inline-color has-luminous-vivid-orange-color\" style=\"background-color: rgba(0, 0, 0, 0);\">Lecture ensemble de l\u2019\u00e9vangile de Marc<\/mark><\/h2>\n<h3 class=\"wp-block-heading has-text-align-center\">\u2666<\/h3>\n<h2 class=\"wp-block-heading has-text-align-center\">R\u00e9union de pri\u00e8res<\/h2>\n<h3 class=\"wp-block-heading has-text-align-center\">Au forum, tous les mardis \u00e0 18h30<\/h3>\n<h3 class=\"wp-block-heading has-text-align-center\">\u2666<\/h3>\n<h2 class=\"wp-block-heading has-text-align-center\">Lecture biblique<\/h2>\n<h3 class=\"wp-block-heading has-text-align-center\">\u00e0 la r\u00e9sidence des colombes<\/h3>\n<h3 class=\"wp-block-heading has-text-align-center\">les mardis \u00e0 15h<\/h3>\n<p class=\"has-text-align-center\">\u2666<\/p>\n<h2 class=\"wp-block-heading has-text-align-center\">Culte \u00e0 la maison de retraite<\/h2>\n<h2 class=\"wp-block-heading has-text-align-center\">des Colombes<\/h2>\n<h3 class=\"wp-block-heading has-text-align-center\">le premier vendredi du mois \u00e0 16h45<\/h3>\n<h2 class=\"wp-block-heading has-text-align-center\">\u00e0 la maison de retraite protestante de Montalivet<\/h2>\n<h3 class=\"wp-block-heading has-text-align-center\">les autres vendredis \u00e0 16h45<\/h3>\n<p class=\"has-text-align-center\">\u2666<\/p>\n<h1 class=\"wp-block-heading has-text-align-center\">Ann\u00e9e 2025<\/h1>\n<figure class=\"wp-block-image\"><img loading=\"lazy\" decoding=\"async\" class=\"wp-image-962\" src=\"http:\/\/eelannonay.org\/wp-content\/uploads\/2025-6-MOIS.jpg\" sizes=\"auto, (max-width: 1332px) 100vw, 1332px\" srcset=\"http:\/\/www.eelannonay.org\/wp-content\/uploads\/2025-6-MOIS.jpg 1332w, http:\/\/www.eelannonay.org\/wp-content\/uploads\/2025-6-MOIS-300x158.jpg 300w, http:\/\/www.eelannonay.org\/wp-content\/uploads\/2025-6-MOIS-1024x540.jpg 1024w, http:\/\/www.eelannonay.org\/wp-content\/uploads\/2025-6-MOIS-768x405.jpg 768w\" alt=\"\" width=\"1332\" height=\"703\" \/><\/figure>\n<figure class=\"wp-block-image size-full\"><img loading=\"lazy\" decoding=\"async\" class=\"wp-image-1068\" src=\"http:\/\/eelannonay.org\/wp-content\/uploads\/image-3.png\" sizes=\"auto, (max-width: 949px) 100vw, 949px\" srcset=\"http:\/\/www.eelannonay.org\/wp-content\/uploads\/image-3.png 949w, http:\/\/www.eelannonay.org\/wp-content\/uploads\/image-3-300x104.png 300w, http:\/\/www.eelannonay.org\/wp-content\/uploads\/image-3-768x266.png 768w\" alt=\"\" width=\"949\" height=\"329\" \/><\/figure>\n<p class=\"has-text-align-center\">\u2666<\/p>\n<h1 class=\"wp-block-heading has-text-align-center\">Lien vers les pr\u00e9dications enregistr\u00e9es<\/h1>\n<p>Depuis quelques temps, les pr\u00e9dications sont enregistr\u00e9es par Dominique : Vous pouvez retrouvez les pr\u00e9dications dans l\u2019onglet \u2018Pr\u00e9dications\u2019. <a href=\"http:\/\/eelannonay.org\/index.php\/predications\/\" data-type=\"page\" data-id=\"28\">Accessible aussi par ce lien<\/a><\/p>\n<p class=\"has-text-align-center\">\u2666<\/p>\n<h1 class=\"wp-block-heading has-text-align-center\">D\u00e9cembre 2025<\/h1>\n<p class=\"has-text-align-center\">\u2666<\/p>\n<h3 class=\"wp-block-heading has-text-align-center\">Agenda du mois de d\u00e9cembre 2025 \u00e0 t\u00e9l\u00e9charger ci-dessous<\/h3>\n<p class=\"has-text-align-center\"><a href=\"http:\/\/www.eelannonay.org\/wp-content\/uploads\/Agenda-EEL-Annonay-decembre-2025.pdf\" target=\"_blank\" rel=\"noreferrer noopener\">Programme EEL Annonay d\u00e9cembre 2025<\/a><\/p>\n<p class=\"has-text-align-center\">\u2666<\/p>\n<p><strong>Quelques dates \u00e0 retenir pour ce mois de d\u00e9cembre <\/strong><strong>2025 :<\/strong><\/p>\n<ul class=\"wp-block-list\">\n<li><strong><mark class=\"has-inline-color has-luminous-vivid-orange-color\" style=\"background-color: rgba(0, 0, 0, 0);\">le dimanche 7 d\u00e9cembre : Repas qui est-ce ? N\u2019oubliez pas de vous inscrire ! <\/mark><\/strong><\/li>\n<li><strong><mark class=\"has-inline-color has-vivid-cyan-blue-color\" style=\"background-color: rgba(0, 0, 0, 0);\">Le samedi 13 d\u00e9cembre : Rencontre du groupe de dames.<\/mark><\/strong><\/li>\n<li><strong><mark class=\"has-inline-color has-vivid-red-color\" style=\"background-color: rgba(0, 0, 0, 0);\">Le dimanche 14 d\u00e9cembre : Journ\u00e9e communautaire. Temps de pri\u00e8re \u00e0 9h15 au forum, Culte, Je\u00fbn, et temps de pri\u00e8res communautaires \u00e0 14h.<\/mark><\/strong><\/li>\n<li><mark class=\"has-inline-color has-vivid-cyan-blue-color\" style=\"background-color: rgba(0, 0, 0, 0);\"><strong>Vendredi 19 d\u00e9cembre : \u00ab\u00a0Chantons No\u00ebl\u00a0\u00bb avec tous les chr\u00e9tiens d\u2019Annonay \u00e0 l\u2019\u00e9glise de la Sainte Famille.<\/strong><\/mark><\/li>\n<li><mark class=\"has-inline-color has-luminous-vivid-orange-color\" style=\"background-color: rgba(0, 0, 0, 0);\"><strong>Jeudi 25 d\u00e9cembre : Repas partag\u00e9 de No\u00ebl \u00e0 midi au forum. <\/strong><\/mark><\/li>\n<li><mark class=\"has-inline-color has-vivid-red-color\" style=\"background-color: rgba(0, 0, 0, 0);\"><strong>3 groupes de lecture de la bible : Lecture dynamique et participative<\/strong><\/mark><mark class=\"has-inline-color has-vivid-green-cyan-color\" style=\"background-color: rgba(0, 0, 0, 0);\"> <\/mark>(dates et lieux, voir agenda)<\/li>\n<li><strong><mark class=\"has-inline-color has-vivid-purple-color\" style=\"background-color: rgba(0, 0, 0, 0);\">2 r\u00e9unions de pri\u00e8res hebdomadaires<\/mark><\/strong> (dates et lieux, voir agenda)<\/li>\n<\/ul>\n<p class=\"has-text-align-center\">\u2666<\/p>\n<p class=\"has-text-align-center\">Retrouver toutes les dates, les rencontres, les lectures communautaires, les rencontres de pri\u00e8res, les rencontres du groupe de jeunes dans l\u2019agenda \u00e0 t\u00e9l\u00e9charger.<\/p>\n<p class=\"has-text-align-center\">\u2666<\/p>\n<h2 class=\"wp-block-heading has-text-align-center\">M\u00e9ditation du mois<\/h2>\n<h2 class=\"wp-block-heading has-text-align-left\"><\/h2>\n<figure class=\"wp-block-image size-full is-resized\"><img loading=\"lazy\" decoding=\"async\" class=\"wp-image-1107\" style=\"width: 775px; height: auto;\" src=\"http:\/\/www.eelannonay.org\/wp-content\/uploads\/image-4.png\" sizes=\"auto, (max-width: 699px) 100vw, 699px\" srcset=\"http:\/\/www.eelannonay.org\/wp-content\/uploads\/image-4.png 699w, http:\/\/www.eelannonay.org\/wp-content\/uploads\/image-4-221x300.png 221w\" alt=\"\" width=\"699\" height=\"948\" \/><\/figure>\n<p>Textes propos\u00e9s par Jacques PETERSCHMITT, Pasteur<\/p>\n<div class=\"wp-block-image\">\n<figure class=\"aligncenter is-resized\"><img decoding=\"async\" class=\"wp-image-184\" style=\"aspect-ratio: 1.3350515463917525; width: 125px; height: auto;\" src=\"http:\/\/eelannonay.org\/wp-content\/uploads\/2018\/03\/formation-biblique-coeur.jpg\" alt=\"formation biblique coeur\" \/><\/figure>\n<\/div>\n<h2 class=\"wp-block-heading has-text-align-center\">Lecture de l\u2019\u00e9vangile \/ Echange autour de la parole<\/h2>\n<h2 class=\"wp-block-heading has-text-align-center\">Vous \u00eates les bienvenus<\/h2>\n<p class=\"has-text-align-center\">\u00a0\u2014<\/p>\n<h2 class=\"wp-block-heading has-text-align-center\">Au forum\u00a0(sous la chapelle, acc\u00e8s par la rue Saint Georges)<\/h2>\n<h2 class=\"wp-block-heading has-text-align-center\"><mark class=\"has-inline-color has-luminous-vivid-orange-color\" style=\"background-color: rgba(0, 0, 0, 0);\">Lecture ensemble autour du livre des Actes<\/mark><\/h2>\n<h3 class=\"wp-block-heading has-text-align-center\">\u00a0\u2014<\/h3>\n<h2 class=\"wp-block-heading has-text-align-center\">A F\u00e9lines chez David et Lydiane<\/h2>\n<h2 class=\"wp-block-heading has-text-align-center\"><mark class=\"has-inline-color has-luminous-vivid-orange-color\" style=\"background-color: rgba(0, 0, 0, 0);\">Lecture ensemble de l\u2019\u00e9vangile de Matthieu<\/mark><\/h2>\n<h3 class=\"wp-block-heading has-text-align-center\">\u2014<\/h3>\n<h2 class=\"wp-block-heading has-text-align-center\">A Bogy chez David et Yolande<\/h2>\n<h2 class=\"wp-block-heading has-text-align-center\"><mark class=\"has-inline-color has-luminous-vivid-orange-color\" style=\"background-color: rgba(0, 0, 0, 0);\">Lecture ensemble de l\u2019\u00e9vangile de Marc<\/mark><\/h2>\n<h3 class=\"wp-block-heading has-text-align-center\">\u2666<\/h3>\n<h2 class=\"wp-block-heading has-text-align-center\">R\u00e9union de pri\u00e8res<\/h2>\n<h3 class=\"wp-block-heading has-text-align-center\">Au forum, tous les mardis \u00e0 18h30<\/h3>\n<h3 class=\"wp-block-heading has-text-align-center\">Chez Romond et Sandrine, tous les samedis \u00e0 18h<\/h3>\n<h4 class=\"wp-block-heading has-text-align-center\">\u2666<\/h4>\n<h2 class=\"wp-block-heading has-text-align-center\">Lecture biblique<\/h2>\n<h3 class=\"wp-block-heading has-text-align-center\">\u00e0 la r\u00e9sidence des colombes<\/h3>\n<h3 class=\"wp-block-heading has-text-align-center\">les mardis \u00e0 15h<\/h3>\n<p class=\"has-text-align-center\">\u2666<\/p>\n<h2 class=\"wp-block-heading has-text-align-center\">Culte \u00e0 la maison de retraite<\/h2>\n<h2 class=\"wp-block-heading has-text-align-center\">des Colombes<\/h2>\n<h3 class=\"wp-block-heading has-text-align-center\">le premier vendredi du mois \u00e0 16h45<\/h3>\n<h2 class=\"wp-block-heading has-text-align-center\">\u00e0 la maison de retraite protestante de Montalivet<\/h2>\n<h3 class=\"wp-block-heading has-text-align-center\">les autres vendredis \u00e0 16h45<\/h3>\n<p class=\"has-text-align-center\">\u2666<\/p>\n<h1 class=\"wp-block-heading has-text-align-center\">Novembre 2025<\/h1>\n<p class=\"has-text-align-center\">\u2666<\/p>\n<h3 class=\"wp-block-heading has-text-align-center\">Agenda du mois de novembre 2025 \u00e0 t\u00e9l\u00e9charger ci-dessous<\/h3>\n<p class=\"has-text-align-center\"><a href=\"http:\/\/eelannonay.org\/wp-content\/uploads\/Agenda-EEL-Annonay-novembre-2025.pdf\" target=\"_blank\" rel=\"noreferrer noopener\">Programme EEL Annonay novembre 2025<\/a><\/p>\n<p class=\"has-text-align-center\">\u2666<\/p>\n<p><strong>Quelques dates \u00e0 retenir pour ce mois de novembre <\/strong><strong>2025 :<\/strong><\/p>\n<ul class=\"wp-block-list\">\n<li><strong><mark class=\"has-inline-color has-luminous-vivid-orange-color\" style=\"background-color: rgba(0, 0, 0, 0);\">le dimanche 9 novembre : Culte suivi d\u2019un repas partag\u00e9 au forum. <\/mark><\/strong><\/li>\n<li><strong><mark class=\"has-inline-color has-vivid-cyan-blue-color\" style=\"background-color: rgba(0, 0, 0, 0);\">Le dimanche 16 novembre : Culte en commun avec l\u2019\u00e9glise protestante Unie \u00e0 la ma maison de retraite Montalivet. Accueil des enfants et Ap\u00e9ritif apr\u00e8s le culte. ATTENTION : Pas de culte \u00e0 la chapelle ce jour l\u00e0, dimanche 16 novembre.<\/mark><\/strong><\/li>\n<li><mark class=\"has-inline-color has-vivid-red-color\" style=\"background-color: rgba(0, 0, 0, 0);\"><strong>3 groupes de lecture de la bible : Lecture dynamique et participative<\/strong><\/mark><mark class=\"has-inline-color has-vivid-green-cyan-color\" style=\"background-color: rgba(0, 0, 0, 0);\"> <\/mark>(dates et lieux, voir agenda)<\/li>\n<li><strong><mark class=\"has-inline-color has-vivid-purple-color\" style=\"background-color: rgba(0, 0, 0, 0);\">2 r\u00e9unions de pri\u00e8res hebdomadaires<\/mark><\/strong> (dates et lieux, voir agenda)<\/li>\n<\/ul>\n<p class=\"has-text-align-center\">\u2666<\/p>\n<p class=\"has-text-align-center\">Retrouver toutes les dates, les rencontres, les lectures communautaires, les rencontres de pri\u00e8res, les rencontres du groupe de jeunes dans l\u2019agenda \u00e0 t\u00e9l\u00e9charger.<\/p>\n<p class=\"has-text-align-center\">\u2666<\/p>\n<h2 class=\"wp-block-heading has-text-align-center\">M\u00e9ditation du mois<\/h2>\n<h2 class=\"wp-block-heading has-text-align-left\">\u00ab Aujourd\u2019hui, si vous entendez SA VOIX,\u2026<br \/>\n\u2026n\u2019endurcissez pas vos c\u0153urs ! \u00bb<br \/>\nLa Bible<\/h2>\n<p>Que mon \u00e2me se glorifie dans le SEIGNEUR !<br \/>\nQue les doux \u00e9coutent et se r\u00e9jouissent !<br \/>\nExaltez avec moi le SEIGNEUR ! C\u00e9l\u00e9brons tous son nom !<br \/>\nJ\u2019ai cherch\u00e9 le SEIGNEUR, et il m\u2019a r\u00e9pondu ;<br \/>\nIl m\u2019a d\u00e9livr\u00e9 de toutes mes frayeurs.<br \/>\nQuand on tourne vers LUI les regards, on est rayonnant de joie,<br \/>\nEt le visage ne se couvre pas de honte.<br \/>\nQuand un malheureux crie, le SEIGNEUR entend,<br \/>\nEt il le sauve de toutes ses d\u00e9tresses.<br \/>\nL\u2019ange du SEIGNEUR campe autour de ceux qui le craignent,<br \/>\nEt il les arrache au danger.<br \/>\nSentez et voyez combien le SEIGNEUR est bon !<br \/>\nHeureux l\u2019humain qui cherche en LUI son refuge !<\/p>\n<p><strong>Psaume 34,3-9 (de David)<\/strong><\/p>\n<p>Textes propos\u00e9s par Jacques PETERSCHMITT, Pasteur<\/p>\n<div class=\"wp-block-image\">\n<figure class=\"aligncenter is-resized\"><img decoding=\"async\" class=\"wp-image-184\" style=\"aspect-ratio: 1.3350515463917525; width: 125px; height: auto;\" src=\"http:\/\/eelannonay.org\/wp-content\/uploads\/2018\/03\/formation-biblique-coeur.jpg\" alt=\"formation biblique coeur\" \/><\/figure>\n<\/div>\n<h2 class=\"wp-block-heading has-text-align-center\">Lecture de l\u2019\u00e9vangile \/ Echange autour de la parole<\/h2>\n<h2 class=\"wp-block-heading has-text-align-center\">Vous \u00eates les bienvenus<\/h2>\n<p class=\"has-text-align-center\">\u00a0\u2014<\/p>\n<h2 class=\"wp-block-heading has-text-align-center\">Au forum\u00a0(sous la chapelle, acc\u00e8s par la rue Saint Georges)<\/h2>\n<h2 class=\"wp-block-heading has-text-align-center\"><mark class=\"has-inline-color has-luminous-vivid-orange-color\" style=\"background-color: rgba(0, 0, 0, 0);\">Lecture ensemble autour du livre des Actes<\/mark><\/h2>\n<h3 class=\"wp-block-heading has-text-align-center\">\u00a0\u2014<\/h3>\n<h2 class=\"wp-block-heading has-text-align-center\">A F\u00e9lines chez David et Lydiane<\/h2>\n<h2 class=\"wp-block-heading has-text-align-center\"><mark class=\"has-inline-color has-luminous-vivid-orange-color\" style=\"background-color: rgba(0, 0, 0, 0);\">Lecture ensemble de l\u2019\u00e9vangile de Matthieu<\/mark><\/h2>\n<h3 class=\"wp-block-heading has-text-align-center\">\u2014<\/h3>\n<h2 class=\"wp-block-heading has-text-align-center\">A Bogy chez David et Yolande<\/h2>\n<h2 class=\"wp-block-heading has-text-align-center\"><mark class=\"has-inline-color has-luminous-vivid-orange-color\" style=\"background-color: rgba(0, 0, 0, 0);\">Lecture ensemble de l\u2019\u00e9vangile de Marc<\/mark><\/h2>\n<h3 class=\"wp-block-heading has-text-align-center\">\u2666<\/h3>\n<h2 class=\"wp-block-heading has-text-align-center\">R\u00e9union de pri\u00e8res<\/h2>\n<h3 class=\"wp-block-heading has-text-align-center\">Au forum, tous les mardis \u00e0 18h30<\/h3>\n<h3 class=\"wp-block-heading has-text-align-center\">Chez Romond et Sandrine, tous les samedis \u00e0 18h<\/h3>\n<h4 class=\"wp-block-heading has-text-align-center\">\u2666<\/h4>\n<h2 class=\"wp-block-heading has-text-align-center\">Lecture biblique<\/h2>\n<h3 class=\"wp-block-heading has-text-align-center\">\u00e0 la r\u00e9sidence des colombes<\/h3>\n<h3 class=\"wp-block-heading has-text-align-center\">les mardis \u00e0 15h<\/h3>\n<p class=\"has-text-align-center\">\u2666<\/p>\n<h2 class=\"wp-block-heading has-text-align-center\">Culte \u00e0 la maison de retraite<\/h2>\n<h2 class=\"wp-block-heading has-text-align-center\">des Colombes<\/h2>\n<h3 class=\"wp-block-heading has-text-align-center\">le premier vendredi du mois \u00e0 16h45<\/h3>\n<h2 class=\"wp-block-heading has-text-align-center\">\u00e0 la maison de retraite protestante de Montalivet<\/h2>\n<h3 class=\"wp-block-heading has-text-align-center\">les autres vendredis \u00e0 16h45<\/h3>\n<p class=\"has-text-align-center\">\u2666<\/p>\n<h1 class=\"wp-block-heading has-text-align-center\">Octobre 2025<\/h1>\n<p class=\"has-text-align-center\">\u2666<\/p>\n<h3 class=\"wp-block-heading has-text-align-center\">Agenda du mois de septembre 2025 \u00e0 t\u00e9l\u00e9charger ci-dessous<\/h3>\n<p class=\"has-text-align-center\"><a href=\"http:\/\/eelannonay.org\/wp-content\/uploads\/Agenda-EEL-Annonay-octobre-2025.pdf\" target=\"_blank\" rel=\"noreferrer noopener\">Programme EEL Annonay octobre 2025<\/a><\/p>\n<p class=\"has-text-align-center\">\u2666<\/p>\n<p><strong>Quelques dates \u00e0 retenir pour ces mois d\u2019octobre <\/strong><strong>2025 :<\/strong><\/p>\n<ul class=\"wp-block-list\">\n<li><strong><mark class=\"has-inline-color has-vivid-purple-color\" style=\"background-color: rgba(0, 0, 0, 0);\">TEMPS FORT pour les jeunes de l\u2019\u00e9glise : UNION JEUNES du 25 au 28 octobre 2025. <\/mark><\/strong><\/li>\n<li><strong><mark class=\"has-inline-color has-luminous-vivid-orange-color\" style=\"background-color: rgba(0, 0, 0, 0);\">le dimanche 12 octobre : Journ\u00e9e communautaire. Temps de pri\u00e8res \u00e0 9h15, culte \u00e0 la chapelle suivi d\u2019un temps de je\u00fbn avec une marche m\u00e9ditative et d\u2019un temps de pri\u00e8res pour la communaut\u00e9. <\/mark><\/strong><\/li>\n<li><strong><mark class=\"has-inline-color has-vivid-cyan-blue-color\" style=\"background-color: rgba(0, 0, 0, 0);\">REPAS QUI EST-CE ? Le dimanche 19 octobre, un temps de rencontre, nouveau format pour un temps de repas partag\u00e9. Attention ce n\u2019est pas un repas partag\u00e9 au forum. Il faut s\u2019inscrire lors d\u2019un culte du dimanche pour inviter ou \u00eatre invit\u00e9 ! <\/mark><\/strong>(Pour toute question se rapprocher de Lydiane)<\/li>\n<li><mark class=\"has-inline-color has-vivid-red-color\" style=\"background-color: rgba(0, 0, 0, 0);\"><strong>3 groupes de lecture de la bible : Lecture dynamique et participative<\/strong><\/mark><mark class=\"has-inline-color has-vivid-green-cyan-color\" style=\"background-color: rgba(0, 0, 0, 0);\"> <\/mark><\/li>\n<li><strong><mark class=\"has-inline-color has-vivid-purple-color\" style=\"background-color: rgba(0, 0, 0, 0);\">2 r\u00e9unions de pri\u00e8res hebdomadaires<\/mark><\/strong><\/li>\n<\/ul>\n<p class=\"has-text-align-center\">\u2666<\/p>\n<p class=\"has-text-align-center\">Retrouver toutes les dates, les rencontres, les lectures communautaires, les rencontres de pri\u00e8res, les rencontres du groupe de jeunes dans l\u2019agenda \u00e0 t\u00e9l\u00e9charger.<\/p>\n<p class=\"has-text-align-center\">\u2666<\/p>\n<h2 class=\"wp-block-heading has-text-align-center\">M\u00e9ditation du mois<\/h2>\n<h2 class=\"wp-block-heading has-text-align-left\"><strong>Besoin de silence<\/strong><\/h2>\n<p class=\"has-text-align-left\">P\u00e8re\u2026<br \/>\nJ\u2019ai besoin de silence.<br \/>\nJ\u2019ai besoin que le monde et son vacarme s\u2019\u00e9loignent un peu de moi,<br \/>\nque les cris discordants de notre soci\u00e9t\u00e9 se calment enfin,<br \/>\npour que je puisse entendre la voix de ton amour.<\/p>\n<p class=\"has-text-align-left\">P\u00e8re\u2026<br \/>\nJ\u2019ai besoin de silence.<br \/>\nJ\u2019ai besoin que les cris de mes exigences se taisent pour laisser place au<br \/>\nmurmure l\u00e9ger de ta voix. J\u2019ai besoin d\u2019apprendre \u00e0 pr\u00e9f\u00e9rer ta volont\u00e9<br \/>\n\u00e0 la mienne, tes b\u00e9n\u00e9dictions \u00e0 mes projets.<\/p>\n<p class=\"has-text-align-left\">P\u00e8re\u2026<br \/>\nJ\u2019ai besoin de silence. J\u2019ai besoin d\u2019une relation apais\u00e9e avec toi.<br \/>\nLoin de l\u2019extraordinaire, des performances et du miraculeux.<br \/>\nJ\u2019ai besoin d\u2019un murmure divin qui coule doucement en moi,<br \/>\net me redit sans fin que je suis aim\u00e9, aim\u00e9 du P\u00e8re\u2026<\/p>\n<p class=\"has-text-align-left\"><strong>\u00ab Pri\u00e8res murmur\u00e9es \u00bb Pierre-Yves Zwahlen<\/strong><\/p>\n<p class=\"has-text-align-left\">J\u2019avais mis mon esp\u00e9rance dans le Seigneur,<br \/>\net il s\u2019est pench\u00e9 vers moi, il a \u00e9cout\u00e9 mes cris.<br \/>\nIl m\u2019a retir\u00e9 de la fosse de destruction, du fond de la boue,<br \/>\net il a \u00e9tabli mes pieds sur le rocher, il a affermi mes pas.<br \/>\nIl a mis dans ma bouche un cantique nouveau,<br \/>\nune louange \u00e0 notre Dieu.<br \/>\nBeaucoup l\u2019ont vu ; ils ont eu de la crainte<br \/>\net se sont confi\u00e9s dans le Seigneur.<br \/>\nHeureux l\u2019homme qui place sa confiance dans le Seigneur et<br \/>\nqui ne se tourne pas vers les orgueilleux et les menteurs !<br \/>\nPsaume 40,2-5 (de David)<\/p>\n<p class=\"has-text-align-left\">Textes propos\u00e9s par Jacques PETERSCHMITT, Pasteur<\/p>\n<div class=\"wp-block-image\">\n<figure class=\"aligncenter is-resized\"><img decoding=\"async\" class=\"wp-image-184\" style=\"aspect-ratio: 1.3350515463917525; width: 125px; height: auto;\" src=\"http:\/\/eelannonay.org\/wp-content\/uploads\/2018\/03\/formation-biblique-coeur.jpg\" alt=\"formation biblique coeur\" \/><\/figure>\n<\/div>\n<h2 class=\"wp-block-heading has-text-align-center\">Lecture de l\u2019\u00e9vangile \/ Echange autour de la parole<\/h2>\n<h2 class=\"wp-block-heading has-text-align-center\">Vous \u00eates les bienvenus<\/h2>\n<p class=\"has-text-align-center\">\u00a0\u2014<\/p>\n<h2 class=\"wp-block-heading has-text-align-center\">Au forum\u00a0(sous la chapelle, acc\u00e8s par la rue Saint Georges)<\/h2>\n<h2 class=\"wp-block-heading has-text-align-center\"><mark class=\"has-inline-color has-luminous-vivid-orange-color\" style=\"background-color: rgba(0, 0, 0, 0);\">Lecture ensemble autour du livre des Actes<\/mark><\/h2>\n<h3 class=\"wp-block-heading has-text-align-center\">\u00a0\u2014<\/h3>\n<h2 class=\"wp-block-heading has-text-align-center\">A F\u00e9lines chez David et Lydiane<\/h2>\n<h2 class=\"wp-block-heading has-text-align-center\"><mark class=\"has-inline-color has-luminous-vivid-orange-color\" style=\"background-color: rgba(0, 0, 0, 0);\">Lecture ensemble de l\u2019\u00e9vangile de Matthieu<\/mark><\/h2>\n<h3 class=\"wp-block-heading has-text-align-center\">\u2014<\/h3>\n<h2 class=\"wp-block-heading has-text-align-center\">A Bogy chez David et Yolande<\/h2>\n<h2 class=\"wp-block-heading has-text-align-center\"><mark class=\"has-inline-color has-luminous-vivid-orange-color\" style=\"background-color: rgba(0, 0, 0, 0);\">Lecture ensemble de l\u2019\u00e9vangile de Marc<\/mark><\/h2>\n<h3 class=\"wp-block-heading has-text-align-center\">\u2666<\/h3>\n<h2 class=\"wp-block-heading has-text-align-center\">R\u00e9union de pri\u00e8res<\/h2>\n<h3 class=\"wp-block-heading has-text-align-center\">Au forum, tous les mardis \u00e0 18h30<\/h3>\n<h3 class=\"wp-block-heading has-text-align-center\">Chez Romond et Sandrine, tous les samedis \u00e0 18h<\/h3>\n<h4 class=\"wp-block-heading has-text-align-center\">\u2666<\/h4>\n<h2 class=\"wp-block-heading has-text-align-center\">Lecture biblique<\/h2>\n<h3 class=\"wp-block-heading has-text-align-center\">\u00e0 la r\u00e9sidence des colombes<\/h3>\n<h3 class=\"wp-block-heading has-text-align-center\">les mardis \u00e0 15h<\/h3>\n<p class=\"has-text-align-center\">\u2666<\/p>\n<h2 class=\"wp-block-heading has-text-align-center\">Culte \u00e0 la maison de retraite<\/h2>\n<h2 class=\"wp-block-heading has-text-align-center\">des Colombes<\/h2>\n<h3 class=\"wp-block-heading has-text-align-center\">le premier vendredi du mois \u00e0 16h45<\/h3>\n<h2 class=\"wp-block-heading has-text-align-center\">\u00e0 la maison de retraite protestante de Montalivet<\/h2>\n<h3 class=\"wp-block-heading has-text-align-center\">les autres vendredis \u00e0 16h45<\/h3>\n<p class=\"has-text-align-center\">\u2666<\/p>\n<h1 class=\"wp-block-heading has-text-align-center\">Septembre 2025<\/h1>\n<p class=\"has-text-align-center\">\u2666<\/p>\n<h3 class=\"wp-block-heading has-text-align-center\">Agenda du moiss de septembre 2025 \u00e0 t\u00e9l\u00e9charger ci-dessous<\/h3>\n<p class=\"has-text-align-center\"><a href=\"http:\/\/eelannonay.org\/wp-content\/uploads\/Agenda-EEL-Annonay-septembre-2025.pdf\" target=\"_blank\" rel=\"noreferrer noopener\">Programme EEL Annonay septembre 2025<\/a><\/p>\n<p class=\"has-text-align-center\">\u2666<\/p>\n<p><strong>Quelques dates \u00e0 retenir pour ces mois de septembre <\/strong><strong>2025 :<\/strong><\/p>\n<ul class=\"wp-block-list\">\n<li><strong>L<mark class=\"has-inline-color has-vivid-purple-color\" style=\"background-color: rgba(0, 0, 0, 0);\">e samedi 13 et le dimanche 14 septembre 2025 : Visite de Anthony Granger de l\u2019association portes ouverte, l\u2019\u00e9glise pers\u00e9cut\u00e9e. Il participera \u00e0 une animation pour le groupe de jeunes et apportera la pr\u00e9dication du dimanche 14 septembre. Un temps d\u2019\u00e9changes aura lieu apr\u00e8s le culte.<\/mark><\/strong><mark class=\"has-inline-color has-vivid-purple-color\" style=\"background-color: rgba(0, 0, 0, 0);\"> <\/mark><\/li>\n<li><strong><mark class=\"has-inline-color has-luminous-vivid-orange-color\" style=\"background-color: rgba(0, 0, 0, 0);\">le dimanche 7 septembre : Journ\u00e9e communautaire. Temps de pri\u00e8res \u00e0 9h15, culte \u00e0 la chapelle suivi d\u2019un repas partag\u00e9. <\/mark><\/strong><\/li>\n<li><strong><mark class=\"has-inline-color has-vivid-cyan-blue-color\" style=\"background-color: rgba(0, 0, 0, 0);\">les r\u00e9unions de pri\u00e8res du mardi au forum sont d\u00e9cal\u00e9es de 15 minutes pour commencer \u00e0 18h30. <\/mark><\/strong><\/li>\n<\/ul>\n<p class=\"has-text-align-center\">\u2666<\/p>\n<p class=\"has-text-align-center\">Retrouver toutes les dates, les rencontres, les lectures communautaires, les rencontres de pri\u00e8res, les rencontres du groupe de jeunes dans l\u2019agenda \u00e0 t\u00e9l\u00e9charger.<\/p>\n<p class=\"has-text-align-center\">\u2666<\/p>\n<h2 class=\"wp-block-heading has-text-align-center\">M\u00e9ditation du mois<\/h2>\n<figure class=\"wp-block-image size-full\"><img loading=\"lazy\" decoding=\"async\" class=\"wp-image-1066\" src=\"http:\/\/eelannonay.org\/wp-content\/uploads\/image-2.png\" sizes=\"auto, (max-width: 669px) 100vw, 669px\" srcset=\"http:\/\/www.eelannonay.org\/wp-content\/uploads\/image-2.png 669w, http:\/\/www.eelannonay.org\/wp-content\/uploads\/image-2-254x300.png 254w\" alt=\"\" width=\"669\" height=\"789\" \/><\/figure>\n<p class=\"has-text-align-left\">Jacques PETERSCHMITT, Pasteur<\/p>\n<div class=\"wp-block-image\">\n<figure class=\"aligncenter is-resized\"><img decoding=\"async\" class=\"wp-image-184\" style=\"aspect-ratio: 1.3350515463917525; width: 125px; height: auto;\" src=\"http:\/\/eelannonay.org\/wp-content\/uploads\/2018\/03\/formation-biblique-coeur.jpg\" alt=\"formation biblique coeur\" \/><\/figure>\n<\/div>\n<h2 class=\"wp-block-heading has-text-align-center\">Lecture de l\u2019\u00e9vangile \/ Echange autour de la parole<\/h2>\n<h2 class=\"wp-block-heading has-text-align-center\">Vous \u00eates les bienvenus<\/h2>\n<p class=\"has-text-align-center\">\u00a0\u2014<\/p>\n<h2 class=\"wp-block-heading has-text-align-center\">Au forum\u00a0(sous la chapelle, acc\u00e8s par la rue Saint Georges)<\/h2>\n<h3 class=\"wp-block-heading has-text-align-center\">\u00a0\u2014<\/h3>\n<h2 class=\"wp-block-heading has-text-align-center\">A F\u00e9lines chez David et Lydiane<\/h2>\n<h3 class=\"wp-block-heading has-text-align-center\">\u2666<\/h3>\n<h2 class=\"wp-block-heading has-text-align-center\">R\u00e9union de pri\u00e8res<\/h2>\n<h3 class=\"wp-block-heading has-text-align-center\">Au forum, tous les mardis \u00e0 18h30<\/h3>\n<h3 class=\"wp-block-heading has-text-align-center\">Chez Romond et Sandrine, tous les samedis \u00e0 18h<\/h3>\n<h4 class=\"wp-block-heading has-text-align-center\">\u2666<\/h4>\n<h2 class=\"wp-block-heading has-text-align-center\">Lecture biblique<\/h2>\n<h3 class=\"wp-block-heading has-text-align-center\">\u00e0 la r\u00e9sidence des colombes<\/h3>\n<h3 class=\"wp-block-heading has-text-align-center\">les mardis 1er et 8 juillet, reprise le mardi 26 ao\u00fbt \u00e0 15h<\/h3>\n<p class=\"has-text-align-center\">\u2666<\/p>\n<h2 class=\"wp-block-heading has-text-align-center\">Culte \u00e0 la maison de retraite<\/h2>\n<h2 class=\"wp-block-heading has-text-align-center\">des Colombes<\/h2>\n<h3 class=\"wp-block-heading has-text-align-center\">le premier vendredi du mois \u00e0 16h45<\/h3>\n<h2 class=\"wp-block-heading has-text-align-center\">\u00e0 la maison de retraite protestante de Montalivet<\/h2>\n<h3 class=\"wp-block-heading has-text-align-center\">les autres vendredis \u00e0 16h45<\/h3>\n<p class=\"has-text-align-center\">\u2666<\/p>\n<h1 class=\"wp-block-heading has-text-align-center\">Et\u00e9 2025<\/h1>\n<p class=\"has-text-align-center\">\u2666<\/p>\n<h3 class=\"wp-block-heading has-text-align-center\">Agenda de l\u2019\u00e9t\u00e9 2025 \u00e0 t\u00e9l\u00e9charger ci-dessous<\/h3>\n<p class=\"has-text-align-center\"><a href=\"http:\/\/eelannonay.org\/wp-content\/uploads\/Agenda-EEL-Annonay-juillet-aout-2025.pdf\" target=\"_blank\" rel=\"noreferrer noopener\">Programme EEL \u00e9t\u00e9 2025<\/a><\/p>\n<p class=\"has-text-align-center\">\u2666<\/p>\n<p><strong>Quelques dates \u00e0 retenir pour ces mois de juillet et ao\u00fbt<\/strong> <strong>2025 :<\/strong><\/p>\n<ul class=\"wp-block-list\">\n<li>L<mark class=\"has-inline-color has-vivid-purple-color\" style=\"background-color: rgba(0, 0, 0, 0);\">e dimanche 6 juillet ! <strong>Culte au Riou (Mazet Saint Voigt) avec les \u00e9glises du Riou et de Lamastre suivi d\u2019un repas partag\u00e9. <\/strong> Un covoiturage sera organis\u00e9, il n\u2019y aura pas de culte \u00e0 la chapelle ce jour l\u00e0. <\/mark><\/li>\n<li><strong><mark class=\"has-inline-color has-luminous-vivid-orange-color\" style=\"background-color: rgba(0, 0, 0, 0);\">le 13 juillet : Journ\u00e9e communautaire. Culte habituel \u00e0 la chapelle avec l\u2019accueil de l\u2019assembl\u00e9e EPUDF d\u2019Annonay, suivi d\u2019une marche m\u00e9ditative et du temps de pri\u00e8res pour la communaut\u00e9.<\/mark><\/strong><\/li>\n<li><strong><mark class=\"has-inline-color has-vivid-cyan-blue-color\" style=\"background-color: rgba(0, 0, 0, 0);\">le 3 ao\u00fbt : Culte en commun l\u2019assembl\u00e9e EPUDF d\u2019Annonay, au temple, rue Franki Kramer. Pas de culte \u00e0 la chapelle, boulevard de la r\u00e9publique)<\/mark><\/strong><\/li>\n<li><strong><mark class=\"has-inline-color has-vivid-red-color\" style=\"background-color: rgba(0, 0, 0, 0);\">Le vendredi 29 ao\u00fbt : le <u>Festi-\u0153cum\u00e9nique<\/u>, un rassemblement convivial des chr\u00e9tiens d\u2019Annonay et de Bourg-Argental. Au programme\u00a0: partager la Parole, partager un repas, chanter, remercier pour l\u2019\u00e9t\u00e9 et prier pour la nouvelle ann\u00e9e. <\/mark><\/strong><\/li>\n<li><strong>Quelques modifications \u00e0 noter par rapport \u00e0 l\u2019agenda \u00e0 t\u00e9l\u00e9charger ou re\u00e7u par mail :<\/strong>\n<ul class=\"wp-block-list\">\n<li><strong><mark class=\"has-inline-color has-vivid-green-cyan-color\" style=\"background-color: rgba(0, 0, 0, 0);\">La r\u00e9union de pri\u00e8res aura bien lieue chez Romond et Sandrine le samedi \u00e0 18h pendant tout l\u2019\u00e9t\u00e9 m\u00eame s\u2019ils sont en vacances)<\/mark><\/strong><\/li>\n<li><strong>Lecture des Actes le jeudi 21 ao\u00fbt \u00e0 18h30 au forum<\/strong><\/li>\n<li><strong>Pas de lecture de la parole \u00e0 F\u00e9lines le 15 juillet<\/strong><\/li>\n<\/ul>\n<\/li>\n<\/ul>\n<p class=\"has-text-align-center\">\u2666<\/p>\n<p class=\"has-text-align-center\">Retrouver toutes les dates, les rencontres, les lectures communautaires, les rencontres de pri\u00e8res, les rencontres du groupe de jeunes dans l\u2019agenda \u00e0 t\u00e9l\u00e9charger.<\/p>\n<p class=\"has-text-align-center\">\u2666<\/p>\n<h2 class=\"wp-block-heading has-text-align-center\">M\u00e9ditation du mois<\/h2>\n<h3 class=\"wp-block-heading has-text-align-center\">Le secours nous vient de Dieu !<br \/>\nLire Psaume 121 : 1-2<\/h3>\n<p class=\"has-text-align-left\">Le secours nous vient de Dieu !<br \/>\n\u00ab Je l\u00e8ve mes yeux vers les montagnes\u2026 D\u2019o\u00f9 me viendra le secours ? Le secours me vient de Dieu, Qui a fait les cieux et la terre. \u00bb Psaume 121 : 1-2<br \/>\nPour nous, humains, le secours ne vient pas du ciel. Il ne vient pas en regardant le sommet des montagnes. Notre secours vient de la terre. Il est dans les armes, dans la force, dans l\u2019intelligence, dans l\u2019argent que nous poss\u00e9dons. Plus un humain est riche, pense-t-on, plus il est en s\u00e9curit\u00e9. Le secours est donc r\u00e9serv\u00e9 \u00e0 ceux qui poss\u00e8dent. L\u2019auteur du psaume voit le secours ailleurs. Il le voit en levant les yeux vers le ciel. C\u2019est nouveau ! Il ne voit pas le secours dans ce qu\u2019il a mais dans ce qu\u2019il n\u2019a pas : c\u2019est-\u00e0-dire<br \/>\ndans une relation vivante et amoureuse avec Dieu. Une relation, quand elle est d\u2019amour, ne se poss\u00e8de pas ; elle se vit.<br \/>\nProfitons de cette p\u00e9riode estivale pour faire comme le psalmiste. Cherchons notre secours en Dieu. Pour cela, prions, lisons la Bible, entrons dans cette relation vivante que Dieu appelle de ses voeux. En faisant cela, nous d\u00e9couvrirons que le secours n\u2019est pas l\u00e0 o\u00f9 on l\u2019a toujours cru.<br \/>\nBon \u00e9t\u00e9 \u00e0 tous.<\/p>\n<p class=\"has-text-align-left\">Jacques PETERSCHMITT, Pasteur<\/p>\n<div class=\"wp-block-image\">\n<figure class=\"aligncenter is-resized\"><img decoding=\"async\" class=\"wp-image-184\" style=\"aspect-ratio: 1.3350515463917525; width: 125px; height: auto;\" src=\"http:\/\/eelannonay.org\/wp-content\/uploads\/2018\/03\/formation-biblique-coeur.jpg\" alt=\"formation biblique coeur\" \/><\/figure>\n<\/div>\n<h2 class=\"wp-block-heading has-text-align-center\">Lecture de l\u2019\u00e9vangile \/ Echange autour de la parole<\/h2>\n<h2 class=\"wp-block-heading has-text-align-center\">Vous \u00eates les bienvenus<\/h2>\n<p class=\"has-text-align-center\">\u00a0\u2014<\/p>\n<h2 class=\"wp-block-heading has-text-align-center\">Au forum\u00a0(sous la chapelle, acc\u00e8s par la rue Saint Georges)<\/h2>\n<h3 class=\"wp-block-heading has-text-align-center\">\u00a0\u2014<\/h3>\n<h2 class=\"wp-block-heading has-text-align-center\">A F\u00e9lines chez David et Lydiane<\/h2>\n<h3 class=\"wp-block-heading has-text-align-center\">\u2666<\/h3>\n<h2 class=\"wp-block-heading has-text-align-center\">R\u00e9union de pri\u00e8res<\/h2>\n<h3 class=\"wp-block-heading has-text-align-center\">Au forum, tous les mardis \u00e0 18h15<\/h3>\n<h3 class=\"wp-block-heading has-text-align-center\">Chez Romond et Sandrine, tous les samedis \u00e0 18h<\/h3>\n<h4 class=\"wp-block-heading has-text-align-center\">\u2666<\/h4>\n<h2 class=\"wp-block-heading has-text-align-center\">Lecture biblique<\/h2>\n<h3 class=\"wp-block-heading has-text-align-center\">\u00e0 la r\u00e9sidence des colombes<\/h3>\n<h3 class=\"wp-block-heading has-text-align-center\">les mardis 1er et 8 juillet, reprise le mardi 26 ao\u00fbt \u00e0 15h<\/h3>\n<p class=\"has-text-align-center\">\u2666<\/p>\n<h2 class=\"wp-block-heading has-text-align-center\">Culte \u00e0 la maison de retraite<\/h2>\n<h2 class=\"wp-block-heading has-text-align-center\">des Colombes<\/h2>\n<h3 class=\"wp-block-heading has-text-align-center\">le premier vendredi du mois \u00e0 16h45<\/h3>\n<h2 class=\"wp-block-heading has-text-align-center\">\u00e0 la maison de retraite protestante de Montalivet<\/h2>\n<h3 class=\"wp-block-heading has-text-align-center\">les autres vendredis \u00e0 16h45<\/h3>\n<p class=\"has-text-align-center\">\u2666<\/p>\n<h1 class=\"wp-block-heading has-text-align-center\">Juin 2025<\/h1>\n<p class=\"has-text-align-center\">\u2666<\/p>\n<h3 class=\"wp-block-heading has-text-align-center\">Agenda de juin 2025 \u00e0 t\u00e9l\u00e9charger ci-dessous<\/h3>\n<p class=\"has-text-align-center\"><a href=\"http:\/\/eelannonay.org\/wp-content\/uploads\/Agenda-EEL-Annonay-juin-2025.pdf\" target=\"_blank\" rel=\"noreferrer noopener\">Programme EEL Juin 2025<\/a><\/p>\n<p class=\"has-text-align-center\">\u2666<\/p>\n<p><strong>Quelques dates \u00e0 retenir pour ce mois de juin<\/strong> <strong>2025 :<\/strong><\/p>\n<p>Du <strong>Jeudi 29\/05 au dimanche 01\/06\u00a0: Synode national de l\u2019UEEL \u00e0 GAUBERT (commune de GUILLONVILLE) <\/strong>avec la pr\u00e9sence de notre pasteur et nos deux d\u00e9l\u00e9gu\u00e9s Florence et Muriel.<\/p>\n<p><strong>Dimanche 15\/06\u00a0: Journ\u00e9e communautaire<\/strong> avec jeun, marche et pri\u00e8re d\u2019intercession pour la communaut\u00e9. Prions ardemment pour que le Seigneur guide notre action dans les mois \u00e0 venir. <strong>Prier<\/strong>\u00a0pour discerner, <strong>Prier ENSEMBLE<\/strong> parce que c\u2019est plus facile\u00a0!<\/p>\n<p><mark class=\"has-inline-color has-vivid-cyan-blue-color\" style=\"background-color: rgba(0, 0, 0, 0);\"><strong>Dimanche 22\/06\u00a0: Culte en commun avec l\u2019EPUDF suivi d\u2019un repas partag\u00e9 \u00e0 la maison de retraite des Colombes \u00e0 Dav\u00e9zieux. <\/strong>Un covoiturage est pr\u00e9vu pour ceux qui n\u2019ont pas de v\u00e9hicule (RDV devant l\u2019\u00e9glise vers 9h30. Nous vous donnerons quelques informations pour le repas partag\u00e9 (Les grillades sont pr\u00e9vues). <\/mark>Il n\u2019y aura pas de culte \u00e0 la chapelle ce jour l\u00e0.<\/p>\n<p>Du <strong>Jeudi 29\/05 au dimanche 01\/06\u00a0: Synode national de l\u2019UEEL \u00e0 GAUBERT (commune de GUILLONVILLE) <\/strong>avec la pr\u00e9sence de notre pasteur et nos deux d\u00e9l\u00e9gu\u00e9s Florence et Muriel.<\/p>\n<p><mark class=\"has-inline-color has-vivid-purple-color\" style=\"background-color: rgba(0, 0, 0, 0);\">A pr\u00e9voir le dimanche 6 juillet ! <strong>Culte au Riou (Mazet Saint Voigt) avec les \u00e9glises du Riou et de Lamastre suivi d\u2019un repas partag\u00e9. <\/strong> Un covoiturage sera organis\u00e9, il n\u2019y aura pas de culte \u00e0 la chapelle ce jour l\u00e0. <\/mark><\/p>\n<p class=\"has-text-align-center\">\u2666<\/p>\n<p><strong>Le samedi 21 juin, <\/strong>apr\u00e8s-midi jeux pour tous les \u00e2ges, au forum \u00e0 14h30. (Pour se rencontrer, d\u00e9couvrir des jeux, s\u2019amuser, un bel apr\u00e8s-midi !)<\/p>\n<p class=\"has-text-align-center\">\u2666<\/p>\n<p class=\"has-text-align-center\">Retrouver toutes les dates, les rencontres, les lectures communautaires, les rencontres de pri\u00e8res, les rencontres du groupe de jeunes dans l\u2019agenda \u00e0 t\u00e9l\u00e9charger.<\/p>\n<p class=\"has-text-align-center\">\u2666<\/p>\n<h2 class=\"wp-block-heading has-text-align-center\">M\u00e9ditation du mois<\/h2>\n<h3 class=\"wp-block-heading has-text-align-center\">Pour que nos contrari\u00e9t\u00e9s ne nous tuent pas.<br \/>\nLire Nombres 21 : 4-9<\/h3>\n<div class=\"wp-block-image\">\n<figure class=\"aligncenter size-full is-resized\"><img loading=\"lazy\" decoding=\"async\" class=\"wp-image-1015\" style=\"width: 540px; height: auto;\" src=\"http:\/\/eelannonay.org\/wp-content\/uploads\/image-1.png\" sizes=\"auto, (max-width: 565px) 100vw, 565px\" srcset=\"http:\/\/www.eelannonay.org\/wp-content\/uploads\/image-1.png 565w, http:\/\/www.eelannonay.org\/wp-content\/uploads\/image-1-300x210.png 300w\" alt=\"\" width=\"565\" height=\"395\" \/><\/figure>\n<\/div>\n<p class=\"has-text-align-left\">Il y a des p\u00e9riodes dans nos vies o\u00f9 les contrari\u00e9t\u00e9s s\u2019accumulent. C\u2019est ce que le peuple d\u2019Isra\u00ebl a v\u00e9cu, il y a bien longtemps, au cours de leur marche dans le d\u00e9sert vers la libert\u00e9. Alors qu\u2019ils marchent depuis quelque temps d\u00e9j\u00e0, le peuple doit faire face \u00e0 4 contrari\u00e9t\u00e9s simultan\u00e9es : le deuil, la soif, la guerre et le refus : le deuil avec la mort de Myriam et d\u2019Aaron, 2 figures aim\u00e9es du peuple, la soif \u00e0 cause du manque d\u2019eau, la guerre d\u2019un roi qui fait des prisonniers, et le refus de traverser un territoire qui leur aurait raccourci leur marche. C\u2019est beaucoup !<br \/>\nEn plein contournement de ce territoire, le peuple finit par craquer ; il n\u2019en peut plus du d\u00e9sert, il n\u2019en peut plus de Dieu. Et il le dit \u00e0 Dieu et \u00e0 Mo\u00efse : \u00ab Pourquoi nous avez-vous fait monter hors d\u2019\u00c9gypte, pour que nous mourions dans le d\u00e9sert ? Car il n\u2019y a point de pain, et il n\u2019y a point d\u2019eau, et notre \u00e2me est d\u00e9go\u00fbt\u00e9e de cette mis\u00e9rable nourriture. \u00bb<br \/>\nDieu envoie, alors, contre le peuple des serpents venimeux ; beaucoup sont mordus et meurent. En envoyant ces serpents venimeux dans le peuple, Dieu veut lui montrer que les contrari\u00e9t\u00e9s, quand elles nous mordent, nous font tomber inexorablement dans la mort. Et on le sait pour le vivre r\u00e9guli\u00e8rement. Combien de fois, une contrari\u00e9t\u00e9 qui nous avait mordus nous a emp\u00each\u00e9s de dormir ; la d\u00e9pression est la cons\u00e9quence aussi de contrari\u00e9t\u00e9s qui nous ont mordus.<br \/>\nLe peuple alors prend conscience de son p\u00e9ch\u00e9 et crie \u00e0 Dieu. En r\u00e9ponse, Dieu ordonne \u00e0 Mo\u00efse de construire un serpent de bronze \u00e0 mettre au bout d\u2019une perche pour que ceux qui le regardent et qui ont \u00e9t\u00e9 mordus ne meurent pas. Leur salut, c\u2019est de regarder au ciel, le serpent de bronze, au lieu de regarder \u00e0 terre les serpents qui mordent.<br \/>\nQuand nous sommes contrari\u00e9s, faisons comme le peuple qui s\u2019est repenti. Pour nous le serpent de bronze, c\u2019est J\u00e9sus sur la croix. Regardons donc \u00e0 lui, levons nos yeux vers le ciel au lieu de regarder \u00e0 terre et ruminer sur nos contrari\u00e9t\u00e9s. Cela nous permettra de rester en vie. Remettons \u00e0 J\u00e9sus tous nos soucis car il prendra soin de nous.<br \/>\nQuelle esp\u00e9rance !<br \/>\nJacques PETERSCHMITT, Pasteur<\/p>\n<div class=\"wp-block-image\">\n<figure class=\"aligncenter is-resized\"><img decoding=\"async\" class=\"wp-image-184\" style=\"aspect-ratio: 1.3350515463917525; width: 125px; height: auto;\" src=\"http:\/\/eelannonay.org\/wp-content\/uploads\/2018\/03\/formation-biblique-coeur.jpg\" alt=\"formation biblique coeur\" \/><\/figure>\n<\/div>\n<h2 class=\"wp-block-heading has-text-align-center\">Lecture de l\u2019\u00e9vangile \/ Echange autour de la parole<\/h2>\n<h2 class=\"wp-block-heading has-text-align-center\">Vous \u00eates les bienvenus<\/h2>\n<p class=\"has-text-align-center\">\u00a0\u2014<\/p>\n<h2 class=\"wp-block-heading has-text-align-center\">Au forum\u00a0(sous la chapelle, acc\u00e8s par la rue Saint Georges)<\/h2>\n<h3 class=\"wp-block-heading has-text-align-center\">\u00a0\u2014<\/h3>\n<h2 class=\"wp-block-heading has-text-align-center\">A F\u00e9lines chez David et Lydiane<\/h2>\n<h3 class=\"wp-block-heading has-text-align-center\">\u2666<\/h3>\n<h2 class=\"wp-block-heading has-text-align-center\">R\u00e9union de pri\u00e8res<\/h2>\n<h3 class=\"wp-block-heading has-text-align-center\">Au forum, tous les mardis \u00e0 18h15<\/h3>\n<h3 class=\"wp-block-heading has-text-align-center\">Chez Romond et Sandrine, tous les samedis \u00e0 18h<\/h3>\n<h4 class=\"wp-block-heading has-text-align-center\">\u2666<\/h4>\n<h2 class=\"wp-block-heading has-text-align-center\">Lecture biblique<\/h2>\n<h3 class=\"wp-block-heading has-text-align-center\">\u00e0 la r\u00e9sidence des colombes<\/h3>\n<h3 class=\"wp-block-heading has-text-align-center\">tous les mardis \u00e0 15h<\/h3>\n<h4 class=\"wp-block-heading has-text-align-center\">\u2666<\/h4>\n<h2 class=\"wp-block-heading has-text-align-center\">Culte \u00e0 la maison de retraite<\/h2>\n<h2 class=\"wp-block-heading has-text-align-center\">des Colombes<\/h2>\n<h3 class=\"wp-block-heading has-text-align-center\">le premier vendredi du mois \u00e0 16h45<\/h3>\n<h2 class=\"wp-block-heading has-text-align-center\">\u00e0 la maison de retraite protestante de Montalivet<\/h2>\n<h3 class=\"wp-block-heading has-text-align-center\">les autres vendredis \u00e0 16h45<\/h3>\n<p class=\"has-text-align-center\">\u2666<\/p>\n<figure class=\"wp-block-audio\"><audio src=\"http:\/\/eelannonay.org\/wp-content\/uploads\/predication-audio-2025.04.27-La-solution-qui-tombe-bien-Philippe.mp3\" controls=\"controls\"><\/audio><figcaption class=\"wp-element-caption\">pr\u00e9dication audio 2025.04.27 \u2013 La solution qui tombe bien (Philippe)<\/figcaption><\/figure>\n<p class=\"has-text-align-center\">\u2666<\/p>\n<h1 class=\"wp-block-heading has-text-align-center\">Mai 2025<\/h1>\n<p class=\"has-text-align-center\">\u2666<\/p>\n<h3 class=\"wp-block-heading has-text-align-center\">Agenda de mai 2025 \u00e0 t\u00e9l\u00e9charger ci-dessous<\/h3>\n<p class=\"has-text-align-center\"><a href=\"http:\/\/eelannonay.org\/wp-content\/uploads\/Agenda-EEL-Annonay-mai-2025.pdf\" target=\"_blank\" rel=\"noreferrer noopener\">Programme EEL Mai 2025<\/a><\/p>\n<p class=\"has-text-align-center\">\u2666<\/p>\n<p><strong>Quelques dates \u00e0 retenir pour ce mois de mai<\/strong> <strong>2025 :<\/strong><\/p>\n<p><strong>Jeudi 1er mai :<\/strong> Pour ceux qui sont disponibles, match de foot \u00e0 D\u00e9omas \u00e0 17h. (RDV \u00e0 16h, pour jouer, encourager,\u2026, vous pouvez aussi amener un go\u00fbter \u00e0 partager, )<\/p>\n<p><strong>Dimanche 04\/05\u00a0: Journ\u00e9e communautaire<\/strong> avec jeun, marche et pri\u00e8re d\u2019intercession pour la communaut\u00e9. Prions ardemment pour que le Seigneur guide notre action dans les mois \u00e0 venir. <strong>Prier<\/strong>\u00a0pour discerner, <strong>Prier ENSEMBLE<\/strong> parce que c\u2019est plus facile\u00a0!<\/p>\n<p><strong>Dimanche 25\/05\u00a0: Journ\u00e9e communautaire<\/strong>. Culte suivi d\u2019un repas partag\u00e9 et temps de pri\u00e8res pour la communaut\u00e9.<\/p>\n<p>Du <strong>Jeudi 29\/05 au dimanche 01\/06\u00a0: Synode national de l\u2019UEEL \u00e0 GAUBERT (commune de GUILLONVILLE) <\/strong><\/p>\n<p class=\"has-text-align-center\">\u2666<\/p>\n<p><strong>Le samedi 17 mai, <\/strong>apr\u00e8s-midi jeux pour tous les \u00e2ges, au forum \u00e0 14h30. (Pour se rencontrer, d\u00e9couvrir des jeux, s\u2019amuser, un bel apr\u00e8s-midi !)<\/p>\n<p><strong>Le samedi 24 mai apr\u00e8s-midi et soir,<\/strong> marche pour J\u00e9sus organis\u00e9e \u00e0 Lyon : (voir les liens ci-dessous)<\/p>\n<p><a href=\"https:\/\/regardsprotestants.com\/religion-spiritualite\/lyon-se-met-en-marche-pour-jesus\/#:~:text=Une%20Marche%20pour%20J%C3%A9sus%20sera,dans%20la%20ville%20des%20Lumi%C3%A8res.&amp;text=Lyon%20rejoint%20le%20mouvement.,de%20l'amour%20de%20J%C3%A9sus.\" target=\"_blank\" rel=\"noreferrer noopener\">Marche pour J\u00e9sus \u00e0 Lyon<\/a><\/p>\n<p><a href=\"https:\/\/marche.jesus.net\/\" target=\"_blank\" rel=\"noreferrer noopener\">https:\/\/marche.jesus.net\/ <\/a><\/p>\n<p class=\"has-text-align-center\">\u2666<\/p>\n<p class=\"has-text-align-center\">Retrouver toutes les dates, les rencontres, les lectures communautaires, les rencontres de pri\u00e8res, les rencontres du groupe de jeunes dans l\u2019agenda \u00e0 t\u00e9l\u00e9charger.<\/p>\n<p class=\"has-text-align-center\">\u2666<\/p>\n<h2 class=\"wp-block-heading has-text-align-center\">M\u00e9ditation du mois<\/h2>\n<h3 class=\"wp-block-heading has-text-align-center\">La croix et moi<\/h3>\n<p>Connaissez-vous \u00abl\u2019Entre 2\u00bb \u00e0 F\u00e9lines ? C\u2019est une grande salle entre F\u00e9lines et Peaugres.<br \/>\nNous sommes aussi <strong>Entre 2<\/strong> \u00e9v\u00e9nements, la P\u00e2ques et la Pentec\u00f4te.<br \/>\nSi je vous posais la question, lequel est le plus important ?<\/p>\n<ul class=\"wp-block-list\">\n<li>P\u00e2ques et la croix, c\u2019est \u00e0 dire, J\u00e9sus mort pour nous et la r\u00e9surrection\u2026<\/li>\n<\/ul>\n<ul class=\"wp-block-list\">\n<li>la Pentec\u00f4te (50 jours apr\u00e8s), l\u2019effusion du Saint Esprit\u2026<\/li>\n<\/ul>\n<p>Les 2 vont ensemble.<\/p>\n<ul class=\"wp-block-list\">\n<li><strong>La croix<\/strong>, c\u2019est un simple poteau vertical avec une barre transversale qui symbolisait la<br \/>\ncrucifixion\u2026<\/li>\n<\/ul>\n<ul class=\"wp-block-list\">\n<li><strong>La croix<\/strong>, autrefois, une forme d\u2019ex\u00e9cution la plus cruelle, elle est aujourd\u2019hui symbole de<br \/>\nvie abondante.<\/li>\n<\/ul>\n<ul class=\"wp-block-list\">\n<li><strong>La croix<\/strong> signifie l\u2019amour de Dieu pour nous. (Romains 5:8)<\/li>\n<\/ul>\n<ul class=\"wp-block-list\">\n<li><strong>La croix<\/strong>, c\u2019est le symbole du myst\u00e8re pascal pour l\u2019humanit\u00e9.<\/li>\n<\/ul>\n<ul class=\"wp-block-list\">\n<li><strong>La croix<\/strong>, r\u00e9v\u00e8le l\u2019amour infini de Dieu dans le don qui apporte le salut et nous permet de<br \/>\ndevenir enfants de Dieu.<br \/>\nJ\u00e9sus aime toujours les p\u00e9cheurs. Il est venu et a donn\u00e9 sa vie pour eux.<\/li>\n<\/ul>\n<ul class=\"wp-block-list\">\n<li>Le message de <strong>la Croix<\/strong> demeure un don d\u2019amour pour ceux qui croient.<\/li>\n<\/ul>\n<ul class=\"wp-block-list\">\n<li><strong>La Croix est personnelle<\/strong>. Dans la plupart des religions, les gens aspirent \u00e0 atteindre la<br \/>\ndivinit\u00e9. Dans le christianisme la croix est l\u2019\u00e9v\u00e9nement o\u00f9 Dieu vient \u00e0 nous.<br \/>\nNotre r\u00e9ponse \u00e0 un tel Dieu est de le conna\u00eetre personnellement. (Philippiens 3:10).<br \/>\nDans <em>Philippiens 2:7-8<\/em>, Paul affirme que J\u00e9sus s\u2019est humili\u00e9 par ob\u00e9issance et a subi une<br \/>\nmort criminelle sur la Croix.<br \/>\n<strong>Et c\u2019est par cette volont\u00e9 de Dieu, que nous sommes purifi\u00e9s du p\u00e9ch\u00e9, gr\u00e2ce au<br \/>\nsacrifice de son propre corps que J\u00e9sus-Christ a offert une fois pour<br \/>\ntoutes. <\/strong><em>(H\u00e9breux 10:10 \u2013 Galates 2:20)<\/em><br \/>\nNotre pri\u00e8re doit \u00eatre : <strong>\u00abQue ta volont\u00e9 soit faite et non la mienne.\u00bb<\/strong><br \/>\n\u00catre dans la volont\u00e9 de Dieu n\u2019est pas une attitude passive. C\u2019est un acte de volont\u00e9.<\/li>\n<\/ul>\n<ul class=\"wp-block-list\">\n<li><strong>La Croix est proph\u00e9tique<\/strong>. (<em>\u00c9sa\u00efe 53:4-5<\/em>).<\/li>\n<\/ul>\n<ul class=\"wp-block-list\">\n<li><strong>La Croix est pour toujours, et nous permet de vivre \u00c9TERNELLEMENT avec notre<br \/>\nSauveur. <\/strong>Ne nous accrochons pas \u00e0 nos blessures, \u00e0 nos souffrances et nos angoisses,<br \/>\n<strong>J\u00e9sus les prend sur lui, parce qu\u2019il est mort pour nous en sauver.<\/strong><br \/>\n<strong>\u00ab Et ils chant\u00e8rent un cantique nouveau avec ces paroles\u2026 \u00bb<\/strong> (<em>Apocalypse 5:9-10<\/em>)<\/li>\n<\/ul>\n<p>(Je vous invite de lire les versets de la Bible qui sont propos\u00e9s)<\/p>\n<p class=\"has-text-align-left\">Christophe WAECHTER<\/p>\n<div class=\"wp-block-image\">\n<figure class=\"aligncenter is-resized\"><img decoding=\"async\" class=\"wp-image-184\" style=\"aspect-ratio: 1.3350515463917525; width: 125px; height: auto;\" src=\"http:\/\/eelannonay.org\/wp-content\/uploads\/2018\/03\/formation-biblique-coeur.jpg\" alt=\"formation biblique coeur\" \/><\/figure>\n<\/div>\n<h2 class=\"wp-block-heading has-text-align-center\">Lecture de l\u2019\u00e9vangile \/ Echange autour de la parole<\/h2>\n<h2 class=\"wp-block-heading has-text-align-center\">Vous \u00eates les bienvenus<\/h2>\n<p class=\"has-text-align-center\">\u00a0\u2014<\/p>\n<h2 class=\"wp-block-heading has-text-align-center\">Au forum\u00a0(sous la chapelle, acc\u00e8s par la rue Saint Georges)<\/h2>\n<h3 class=\"wp-block-heading has-text-align-center\">\u00a0\u2014<\/h3>\n<h2 class=\"wp-block-heading has-text-align-center\">A F\u00e9lines chez David et Lydiane<\/h2>\n<h3 class=\"wp-block-heading has-text-align-center\">\u2666<\/h3>\n<h2 class=\"wp-block-heading has-text-align-center\">R\u00e9union de pri\u00e8res<\/h2>\n<h3 class=\"wp-block-heading has-text-align-center\">Au forum, tous les mardis \u00e0 18h15<\/h3>\n<h3 class=\"wp-block-heading has-text-align-center\">Chez Romond et Sandrine, tous les samedis \u00e0 18h<\/h3>\n<h4 class=\"wp-block-heading has-text-align-center\">\u2666<\/h4>\n<h2 class=\"wp-block-heading has-text-align-center\">Lecture biblique<\/h2>\n<h3 class=\"wp-block-heading has-text-align-center\">\u00e0 la r\u00e9sidence des colombes<\/h3>\n<h3 class=\"wp-block-heading has-text-align-center\">tous les mardis \u00e0 15h<\/h3>\n<h4 class=\"wp-block-heading has-text-align-center\">\u2666<\/h4>\n<h2 class=\"wp-block-heading has-text-align-center\">Culte \u00e0 la maison de retraite<\/h2>\n<h2 class=\"wp-block-heading has-text-align-center\">des Colombes<\/h2>\n<h3 class=\"wp-block-heading has-text-align-center\">le premier vendredi du mois \u00e0 16h45<\/h3>\n<h2 class=\"wp-block-heading has-text-align-center\">\u00e0 la maison de retraite protestante de Montalivet<\/h2>\n<h3 class=\"wp-block-heading has-text-align-center\">les autres vendredis \u00e0 16h45<\/h3>\n<p class=\"has-text-align-center\">\u2666<\/p>\n<h1 class=\"wp-block-heading has-text-align-center\">Avril 2025<\/h1>\n<p class=\"has-text-align-center\">\u2666<\/p>\n<h3 class=\"wp-block-heading has-text-align-center\">Agenda de avril 2025 \u00e0 t\u00e9l\u00e9charger ci-dessous<\/h3>\n<p class=\"has-text-align-center\"><a href=\"http:\/\/eelannonay.org\/wp-content\/uploads\/Agenda-EEL-Annonay-avril-2025.pdf\" target=\"_blank\" rel=\"noreferrer noopener\">Programme EEL Avril 2025<\/a><\/p>\n<p class=\"has-text-align-center\">\u2666<\/p>\n<p><strong>Quelques dates \u00e0 retenir pour ce mois d\u2019avril<\/strong> 2025<strong> :<\/strong><\/p>\n<p><strong>Dimanche 13\/04\u00a0: Journ\u00e9e communautaire<\/strong>. Culte suivi d\u2019un repas partag\u00e9 et temps de pri\u00e8res pour la communaut\u00e9.<\/p>\n<p><strong>Jeudi 17\/04\u00a0: C\u00e9l\u00e9bration du jeudi Saint au temple, rue Franki Kramer, en association avec l\u2019\u00e9glise Protestante Unie.<\/strong><\/p>\n<p><strong>Dimanche 20\/04 : <strong>C\u00e9l\u00e9bration de P\u00e2ques. A l\u2019aube, marche au Montmiandon, culte \u00e0 la chapelle.\u00a0<\/strong><\/strong><\/p>\n<p class=\"has-text-align-center\">\u2666<\/p>\n<p class=\"has-text-align-center\">Retrouver toutes les dates, les rencontres, les lectures communautaires, les rencontres de pri\u00e8res, les rencontres du groupe de jeunes dans l\u2019agenda \u00e0 t\u00e9l\u00e9charger.<\/p>\n<p class=\"has-text-align-center\">\u2666<\/p>\n<h2 class=\"wp-block-heading has-text-align-center\">M\u00e9ditation du mois<\/h2>\n<h3 class=\"wp-block-heading has-text-align-center\">Pilate leur dit : Que ferai-je donc de J\u00e9sus, qu\u2019on appelle Christ ?<br \/>\nTous r\u00e9pondirent : Qu\u2019il soit crucifi\u00e9 !<br \/>\nMatthieu 27 : 22<\/h3>\n<p>Tous ont tu\u00e9 J\u00e9sus. Ils l\u2019ont tu\u00e9 pour ne pas \u00eatre d\u00e9rang\u00e9s, pour que rien ne change, pour que le monde ne soit pas d\u00e9natur\u00e9, pour que l\u2019organisation soit sauve, pour que ce qu\u2019ils avaient construit ne soit pas d\u00e9truit. Ils ont tu\u00e9 J\u00e9sus car ils pr\u00e9f\u00e9raient rester seuls, tranquilles, avec ceux qui pensaient comme eux.<br \/>\nSi J\u00e9sus venait aujourd\u2019hui, il aurait subi le m\u00eame sort. Nous l\u2019aurions \u00e9limin\u00e9 tout pareil pour continuer de ne pas \u00eatre d\u00e9rang\u00e9s, pour continuer de rester seuls avec ceux qui nous ressemblent. \u00c9liminer, c\u2019est ce que nous faisons avec tout ce qui nous est \u00e9tranger, trop s\u00fbrs d\u2019avoir raison, trop s\u00fbrs de notre h\u00e9ritage, trop s\u00fbrs de nous.<br \/>\nAu fond, on aime bien \u00eatre tout seul, c\u2019est si confortable. Il n\u2019y a pas de mauvaise surprise. Rien ne bouge que nous ayons boug\u00e9 ; rien ne se passe que nous ayons provoqu\u00e9 ; rien ne vient entraver notre marche car on fr\u00e9quente des gens qui pensent comme nous, qui mangent comme nous, qui ont les m\u00eames habitudes que nous.<br \/>\nEn faisant cela, on ne se rend pas compte qu\u2019on meurt \u00e0 petit feu, toujours plus chaque jour. On emp\u00eache que la vie entre en nous\u2026 Car, contrairement \u00e0 ce qu\u2019on pense, la vie n\u2019est pas en nous. La vie n\u2019est pas \u00e0 sauver, elle est \u00e0 accueillir. La vie est toujours \u00e0 l\u2019ext\u00e9rieur de nous, \u00e0 l\u2019ext\u00e9rieur de notre cercle d\u2019influence. J\u00e9sus l\u2019a dit \u00e0 ses disciples en leur disant que la vie, c\u2019\u00e9tait lui. Et J\u00e9sus, personne ne le<br \/>\nposs\u00e8de, pas m\u00eame l\u2019\u00c9glise.<br \/>\nEn fait, en disant qu\u2019il est la vie, il nous dit que c\u2019est la relation \u00e0 lui qui fait vivre. Et il est peut encore le dire car alors qu\u2019on l\u2019a tu\u00e9, Dieu l\u2019a ressuscit\u00e9.<br \/>\nN\u2019ayons donc pas peur des autres, n\u2019ayons donc pas peur de sortir de notre cercle. N\u2019ayons donc pas peur de nous approcher de J\u00e9sus. C\u2019est de cette mani\u00e8re que nous go\u00fbterons d\u00e8s ici-bas \u00e0 la vie \u00e9ternelle que Dieu veut nous donner.<br \/>\nJoyeuse P\u00e2ques.<\/p>\n<p class=\"has-text-align-left\">Jacques PETERSCHMITT, Pasteur<\/p>\n<div class=\"wp-block-image\">\n<figure class=\"aligncenter is-resized\"><img decoding=\"async\" class=\"wp-image-184\" style=\"aspect-ratio: 1.3350515463917525; width: 125px; height: auto;\" src=\"http:\/\/eelannonay.org\/wp-content\/uploads\/2018\/03\/formation-biblique-coeur.jpg\" alt=\"formation biblique coeur\" \/><\/figure>\n<\/div>\n<h2 class=\"wp-block-heading has-text-align-center\">Lecture de l\u2019\u00e9vangile \/ Echange autour de la parole<\/h2>\n<h2 class=\"wp-block-heading has-text-align-center\">Vous \u00eates les bienvenus<\/h2>\n<p class=\"has-text-align-center\">\u00a0\u2014<\/p>\n<h2 class=\"wp-block-heading has-text-align-center\">Au forum\u00a0(sous la chapelle, acc\u00e8s par la rue Saint Georges)<\/h2>\n<h3 class=\"wp-block-heading has-text-align-center\">\u00a0\u2014<\/h3>\n<h2 class=\"wp-block-heading has-text-align-center\">A F\u00e9lines chez David et Lydiane<\/h2>\n<h3 class=\"wp-block-heading has-text-align-center\">\u2666<\/h3>\n<h2 class=\"wp-block-heading has-text-align-center\">R\u00e9union de pri\u00e8res<\/h2>\n<h3 class=\"wp-block-heading has-text-align-center\">Au forum, tous les mardis \u00e0 18h15<\/h3>\n<h3 class=\"wp-block-heading has-text-align-center\">Chez Romond et Sandrine, tous les samedis \u00e0 18h<\/h3>\n<h4 class=\"wp-block-heading has-text-align-center\">\u2666<\/h4>\n<h2 class=\"wp-block-heading has-text-align-center\">Lecture biblique<\/h2>\n<h3 class=\"wp-block-heading has-text-align-center\">\u00e0 la r\u00e9sidence des colombes<\/h3>\n<h3 class=\"wp-block-heading has-text-align-center\">tous les mardis \u00e0 15h<\/h3>\n<h4 class=\"wp-block-heading has-text-align-center\">\u2666<\/h4>\n<h2 class=\"wp-block-heading has-text-align-center\">Culte \u00e0 la maison de retraite<\/h2>\n<h2 class=\"wp-block-heading has-text-align-center\">des Colombes<\/h2>\n<h3 class=\"wp-block-heading has-text-align-center\">le premier vendredi du mois \u00e0 16h45<\/h3>\n<h2 class=\"wp-block-heading has-text-align-center\">\u00e0 la maison de retraite protestante de Montalivet<\/h2>\n<h3 class=\"wp-block-heading has-text-align-center\">les autres vendredis \u00e0 16h45<\/h3>\n<p class=\"has-text-align-center\">\u2666<\/p>\n<h1 class=\"wp-block-heading has-text-align-center\">Mars 2025<\/h1>\n<p class=\"has-text-align-center\">\u2666<\/p>\n<h3 class=\"wp-block-heading has-text-align-center\">Agenda de mars 2025 \u00e0 t\u00e9l\u00e9charger ci-dessous<\/h3>\n<p class=\"has-text-align-center\"><a href=\"http:\/\/eelannonay.org\/wp-content\/uploads\/Agenda-EEL-Annonay-mars-2025.pdf\" target=\"_blank\" rel=\"noreferrer noopener\">Programme EEL Mars 2025<\/a><\/p>\n<p class=\"has-text-align-center\">\u2666<\/p>\n<p><strong>Quelques dates \u00e0 retenir pour ce mois de <\/strong>mars 2025<strong> :<\/strong><\/p>\n<p><strong>09\/03\u00a0: <\/strong><strong>Journ\u00e9e communautaire<\/strong>. Culte suivi d\u2019un repas partag\u00e9.<\/p>\n<p><strong>23\/03\u00a0: Journ\u00e9e communautaire<\/strong> avec jeun, marche et pri\u00e8re d\u2019intercession pour la communaut\u00e9. Prions ardemment pour que le Seigneur guide notre action dans les mois \u00e0 venir. <strong>Prier<\/strong>\u00a0pour discerner, <strong>Prier ENSEMBLE<\/strong> parce que c\u2019est plus facile\u00a0!<\/p>\n<p><strong>30\/03\u00a0: Assembl\u00e9e g\u00e9n\u00e9rale de notre association \u00e0 14h30 au forum. <\/strong><\/p>\n<p class=\"has-text-align-center\">\u2666<\/p>\n<p class=\"has-text-align-center\">Retrouver toutes les dates, les rencontres, les lectures communautaires, les rencontres de pri\u00e8res, les rencontres du groupe de jeunes dans l\u2019agenda \u00e0 t\u00e9l\u00e9charger.<\/p>\n<p class=\"has-text-align-center\">\u2666<\/p>\n<h2 class=\"wp-block-heading has-text-align-center\">M\u00e9ditation du mois<\/h2>\n<h3 class=\"wp-block-heading has-text-align-center\">\u00ab Une voix qui crie dans le d\u00e9sert : un autre monde se d\u00e9voile \u00bb<br \/>\nLire Marc 1 : 1-11<\/h3>\n<p>Cette voix qui crie dans le d\u00e9sert est celle de Jean-Baptiste. Et, gr\u00e2ce \u00e0 cette voix, tous les gens de J\u00e9rusalem et des villes aux alentours sortent de chez eux pour aller au d\u00e9sert rencontrer cet homme qu\u2019ils ne connaissent pas. Ils sortent tous, car ils sont intrigu\u00e9s de d\u00e9couvrir que le d\u00e9sert est un endroit o\u00f9 \u00e7a parle, o\u00f9 il y a de l\u2019humain. Jusqu\u2019\u00e0 maintenant, ils pensaient que la vie humaine n\u2019\u00e9tait possible que<br \/>\ndans les endroits fertiles et civilis\u00e9s. Avec Jean-Baptiste, ils d\u00e9couvrent que \u00e7a parle m\u00eame au d\u00e9sert, cet endroit vide. Avec Jean-Baptiste, un autre monde se d\u00e9voile \u00e0 tous ces gens.<br \/>\nEt, une fois au d\u00e9sert, ces gens se rendent compte que cet autre monde se compose non-seulement du d\u00e9sert mais aussi du ciel. Car, ils vont entendre une autre voix venant du ciel dire \u00e0 un inconnu baptis\u00e9 par Jean : \u00ab Tu es mon fils bien aim\u00e9, en toi j\u2019ai mis toute mon affection. \u00bb<br \/>\nAvec Jean-Baptiste, deux lieux que l\u2019humain croyait sans voix se mettent \u00e0 parler. Un nouveau monde s\u2019ouvre.<br \/>\nIl nous arrive de traverser des d\u00e9serts. Vous savez, ces p\u00e9riodes o\u00f9 on fait l\u2019exp\u00e9rience que plus rien n\u2019a de sens, que plus rien ne nous parle, o\u00f9 on se sent rejet\u00e9 du monde connu, o\u00f9 on avance en \u00ab pilotage automatique \u00bb.<br \/>\nGr\u00e2ce \u00e0 cette exp\u00e9rience de Jean-Baptiste, ne nous d\u00e9courageons pas. Car, la voix de Jean-Baptiste est toujours \u00e0 entendre. Elle ne s\u2019est pas arr\u00eat\u00e9e de crier ! Elle ne crie plus dans le d\u00e9sert de Jud\u00e9e mais dans nos d\u00e9serts \u00e0 nous.<br \/>\nTendons donc l\u2019oreille pour entendre cette voix et quand nous l\u2019entendrons, n\u2019endurcissons pas nos coeurs mais au contraire allons vers elle. Car, comme \u00e0 l\u2019\u00e9poque de Jean-Baptiste, cette voix nous fera d\u00e9couvrir un nouveau monde, nous permettra d\u2019\u00e9largir l\u2019espace de notre tente non seulement \u00e0 nos d\u00e9serts mais aussi au ciel gr\u00e2ce \u00e0 une autre voix qui nous dira : \u00ab Tu es mon fils, tu es ma fille, bien<br \/>\naim\u00e9(e), en toi j\u2019ai mis toute mon affection \u00bb<\/p>\n<p>Dans nos d\u00e9serts, l\u2019amour est \u00e0 notre porte.<br \/>\nOuvrons donc nos oreilles.<\/p>\n<p>Jacques PETERSCHMITT, Pasteur<\/p>\n<div class=\"wp-block-image\">\n<figure class=\"aligncenter is-resized\"><img decoding=\"async\" class=\"wp-image-184\" style=\"aspect-ratio: 1.3350515463917525; width: 125px; height: auto;\" src=\"http:\/\/eelannonay.org\/wp-content\/uploads\/2018\/03\/formation-biblique-coeur.jpg\" alt=\"formation biblique coeur\" \/><\/figure>\n<\/div>\n<h2 class=\"wp-block-heading has-text-align-center\">Lecture de l\u2019\u00e9vangile \/ Echange autour de la parole<\/h2>\n<h2 class=\"wp-block-heading has-text-align-center\">Vous \u00eates les bienvenus<\/h2>\n<p class=\"has-text-align-center\">\u00a0\u2014<\/p>\n<h2 class=\"wp-block-heading has-text-align-center\">Au forum\u00a0(sous la chapelle, acc\u00e8s par la rue Saint Georges)<\/h2>\n<h3 class=\"wp-block-heading has-text-align-center\">\u00a0\u2014<\/h3>\n<h2 class=\"wp-block-heading has-text-align-center\">A F\u00e9lines chez David et Lydiane<\/h2>\n<h3 class=\"wp-block-heading has-text-align-center\">\u00a0\u2014<\/h3>\n<h2 class=\"wp-block-heading has-text-align-center\">Depuis chez soi avec l\u2019application ZOOM<\/h2>\n<h3 class=\"wp-block-heading has-text-align-center\">(lien transmis par Jacques)<\/h3>\n<h3 class=\"wp-block-heading has-text-align-center\"><strong><u>le cycle 2 de Partage de la Parole par ZOOM <\/u><\/strong>continue le <strong>mercredi 18 mars \u00e0 20h00.<\/strong><\/h3>\n<p>Lors de ce cycle, nous nous mettrons \u00e0 l\u2019\u00e9coute de J\u00e9sus enseignant sur la montagne (voir flyer ci-joint).<\/p>\n<p><strong>5 s\u00e9ances<\/strong> auront lieu pour travailler les chapitres 5, 6 et 7 de Matthieu\u00a0: les <strong>15\/01<\/strong>\u00a0; <strong>29\/01<\/strong>\u00a0; <strong>12\/02<\/strong>\u00a0; <strong>26\/02<\/strong> et <strong>12\/03.<\/strong><\/p>\n<p>Ce cycle sera anim\u00e9 par <strong>Jo\u00ebl Geiser<\/strong>, pasteur de l\u2019EPUF de Vienne.<\/p>\n<p>Ce cycle de partage de la parole est une proposition commune de l\u2019EPUF et de l\u2019Eglise Libre d\u2019Annonay<\/p>\n<p class=\"has-text-align-center\"><a href=\"http:\/\/eelannonay.org\/wp-content\/uploads\/Cycle-2-2024-25-Le-discours-sur-la-montagne-Matt-5-7.pdf\" target=\"_blank\" rel=\"noreferrer noopener\">Flyer pr\u00e9sentation zoom T1 2025<\/a><\/p>\n<h3 class=\"wp-block-heading has-text-align-center\">\u2666<\/h3>\n<h2 class=\"wp-block-heading has-text-align-center\">R\u00e9union de pri\u00e8res<\/h2>\n<h3 class=\"wp-block-heading has-text-align-center\">Au forum, tous les mardis \u00e0 18h15<\/h3>\n<h3 class=\"wp-block-heading has-text-align-center\">Chez Romond et Sandrine, tous les samedis \u00e0 18h<\/h3>\n<h4 class=\"wp-block-heading has-text-align-center\">\u2666<\/h4>\n<h2 class=\"wp-block-heading has-text-align-center\">Lecture biblique<\/h2>\n<h3 class=\"wp-block-heading has-text-align-center\">\u00e0 la r\u00e9sidence des colombes<\/h3>\n<h3 class=\"wp-block-heading has-text-align-center\">tous les mardis \u00e0 15h<\/h3>\n<h4 class=\"wp-block-heading has-text-align-center\">\u2666<\/h4>\n<h2 class=\"wp-block-heading has-text-align-center\">Culte \u00e0 la maison de retraite<\/h2>\n<h2 class=\"wp-block-heading has-text-align-center\">des Colombes<\/h2>\n<h3 class=\"wp-block-heading has-text-align-center\">le premier vendredi du mois \u00e0 16h45<\/h3>\n<h2 class=\"wp-block-heading has-text-align-center\">\u00e0 la maison de retraite protestante de Montalivet<\/h2>\n<h3 class=\"wp-block-heading has-text-align-center\">les autres vendredis \u00e0 16h45<\/h3>\n<p class=\"has-text-align-center\">\u2666<\/p>\n<h1 class=\"wp-block-heading has-text-align-center\">F\u00e9vrier 2025<\/h1>\n<p class=\"has-text-align-center\">\u2666<\/p>\n<h3 class=\"wp-block-heading has-text-align-center\">Agenda de f\u00e9vrier 2025 \u00e0 t\u00e9l\u00e9charger ci-dessous<\/h3>\n<p class=\"has-text-align-center\"><a href=\"http:\/\/eelannonay.org\/wp-content\/uploads\/Agenda-EEL-Annonay-fevrier-2025.pdf\" target=\"_blank\" rel=\"noreferrer noopener\">Programme EEL F\u00e9vrier 2025<\/a><\/p>\n<p class=\"has-text-align-center\">\u2666<\/p>\n<p><strong>Quelques dates \u00e0 retenir pour ce mois de <\/strong>f\u00e9vrier 2025<strong> :<\/strong><\/p>\n<p><strong>16\/02\u00a0: <\/strong><strong>Journ\u00e9e communautaire<\/strong>. Jean-Pierre CIVELLI, responsable du p\u00f4le d\u00e9veloppement de notre union d\u2019\u00e9glises, pasteur \u00e0 l\u2019\u00e9glise M de Valence, nous accompagnera durant cette journ\u00e9e. Culte \u00e0 10h suivi d\u2019un repas partag\u00e9, d\u2019une rencontre avec Jean-Pierre et d\u2019un temps de pri\u00e8res pour notre communaut\u00e9.<\/p>\n<p class=\"has-text-align-center\">\u2666<\/p>\n<p class=\"has-text-align-center\">Retrouver toutes les dates, les rencontres, les lectures communautaires, les rencontres de pri\u00e8res, les rencontres du groupe de jeunes dans l\u2019agenda \u00e0 t\u00e9l\u00e9charger.<\/p>\n<p class=\"has-text-align-center\">\u2666<\/p>\n<h2 class=\"wp-block-heading has-text-align-center\">M\u00e9ditation du mois<\/h2>\n<h3 class=\"wp-block-heading has-text-align-center\">\u00ab Qui est ma m\u00e8re et qui sont mes fr\u00e8res ? \u00bb<br \/>\nLire Marc 3 : 31-35<\/h3>\n<p>C\u2019est ce que J\u00e9sus fait dire \u00e0 sa m\u00e8re et \u00e0 ses fr\u00e8res qui sont dehors et qui l\u2019appellent pour le ramener dans le giron familial alors qu\u2019une foule l\u2019entoure. Depuis que J\u00e9sus sillonne la Galil\u00e9e, il est devenu hors de contr\u00f4le et sa m\u00e8re et ses fr\u00e8res veulent remettre la main sur lui.<br \/>\nMais, J\u00e9sus ne va pas dire que \u00e7a. En m\u00eame temps qu\u2019il va contester sa famille de sang, il va aussi d\u00e9signer sa nouvelle famille. \u00c9coutez ce qu\u2019il dit en montrant ceux qui sont assis autour de lui : \u00ab Voici, ma m\u00e8re et mes fr\u00e8res. Car, quiconque fait la volont\u00e9 de Dieu, celui-l\u00e0 est mon fr\u00e8re, ma soeur, et ma m\u00e8re. \u00bb<br \/>\nCes paroles n\u2019ont pas d\u00fb faire tr\u00e8s plaisir \u00e0 sa m\u00e8re et \u00e0 ses fr\u00e8res. Et pourtant, c\u2019est \u00e0 cela que sont appel\u00e9s tous ceux qui s\u2019assoient autour de J\u00e9sus, g\u00e9n\u00e9ration apr\u00e8s g\u00e9n\u00e9ration. Ils sont appel\u00e9s \u00e0 constituer une nouvelle famille venant non du sang, mais du d\u00e9sir de faire la volont\u00e9 d\u2019un autre : Dieu.<br \/>\nBien s\u00fbr, on pourrait croire que faire partie de cette nouvelle famille serait une r\u00e9gression, une ali\u00e9nation. En fait, c\u2019est exactement l\u2019inverse. C\u2019est une lib\u00e9ration !<br \/>\nLa famille de sang ne se constitue qu\u2019autour de ce qu\u2019elle conna\u00eet, autour d\u2019un h\u00e9ritage, autour d\u2019une histoire. Cela fait que la famille voudra toujours ramener ses enfants \u00e0 elle dans ce qu\u2019elle conna\u00eet. C\u2019est ce que voulaient faire la m\u00e8re et les fr\u00e8res de J\u00e9sus. Le probl\u00e8me est que beaucoup d\u2019enfants se laissent prendre car quand on reste dans la famille, tout est plus facile, plus confortable. On se pose moins de questions.<br \/>\nEn s\u2019asseyant autour de J\u00e9sus, l\u2019humain a l\u2019opportunit\u00e9 de se lib\u00e9rer du connu de sa vie, donn\u00e9 par sa famille, pour aller vers cet inconnu qu\u2019il est vraiment. C\u2019est dans une relation avec J\u00e9sus, avec Dieu et avec les autres que l\u2019humain pourra se mettre en marche vers lui-m\u00eame. Il ne pourra pas le faire en restant dans sa famille car, dans la famille, il n\u2019y a pas d\u2019autre.<br \/>\nEn fait, J\u00e9sus nous appelle \u00e0 sortir de l\u2019entre soi familial pour que nous puissions vraiment \u00eatre aim\u00e9 et aimer en retour. L\u2019amour : voil\u00e0 le socle sur lequel va se construire cette nouvelle famille. Pas un amour qui viendra de soi mais de Dieu.<\/p>\n<p>Jacques PETERSCHMITT, Pasteur<\/p>\n<div class=\"wp-block-image\">\n<figure class=\"aligncenter is-resized\"><img decoding=\"async\" class=\"wp-image-184\" style=\"aspect-ratio: 1.3350515463917525; width: 125px; height: auto;\" src=\"http:\/\/eelannonay.org\/wp-content\/uploads\/2018\/03\/formation-biblique-coeur.jpg\" alt=\"formation biblique coeur\" \/><\/figure>\n<\/div>\n<h2 class=\"wp-block-heading has-text-align-center\">Lecture de l\u2019\u00e9vangile \/ Echange autour de la parole<\/h2>\n<h2 class=\"wp-block-heading has-text-align-center\">Vous \u00eates les bienvenus<\/h2>\n<p class=\"has-text-align-center\">\u00a0\u2014<\/p>\n<h2 class=\"wp-block-heading has-text-align-center\">Au forum\u00a0(sous la chapelle, acc\u00e8s par la rue Saint Georges)<\/h2>\n<h3 class=\"wp-block-heading has-text-align-center\">\u00a0\u2014<\/h3>\n<h2 class=\"wp-block-heading has-text-align-center\">A F\u00e9lines chez David et Lydiane<\/h2>\n<h3 class=\"wp-block-heading has-text-align-center\">\u00a0\u2014<\/h3>\n<h2 class=\"wp-block-heading has-text-align-center\">Depuis chez soi avec l\u2019application ZOOM<\/h2>\n<h3 class=\"wp-block-heading has-text-align-center\">(lien transmis par Jacques)<\/h3>\n<h3 class=\"wp-block-heading has-text-align-center\"><strong><u>le cycle 2 de Partage de la Parole par ZOOM <\/u><\/strong>continue les <strong>mercredis 12 et 26 f\u00e9vrier \u00e0 20h00.<\/strong><\/h3>\n<p>Lors de ce cycle, nous nous mettrons \u00e0 l\u2019\u00e9coute de J\u00e9sus enseignant sur la montagne (voir flyer ci-joint).<\/p>\n<p><strong>5 s\u00e9ances<\/strong> auront lieu pour travailler les chapitres 5, 6 et 7 de Matthieu\u00a0: les <strong>15\/01<\/strong>\u00a0; <strong>29\/01<\/strong>\u00a0; <strong>12\/02<\/strong>\u00a0; <strong>26\/02<\/strong> et <strong>12\/03.<\/strong><\/p>\n<p>Ce cycle sera anim\u00e9 par <strong>Jo\u00ebl Geiser<\/strong>, pasteur de l\u2019EPUF de Vienne.<\/p>\n<p>Ce cycle de partage de la parole est une proposition commune de l\u2019EPUF et de l\u2019Eglise Libre d\u2019Annonay<\/p>\n<p class=\"has-text-align-center\"><a href=\"http:\/\/eelannonay.org\/wp-content\/uploads\/Cycle-2-2024-25-Le-discours-sur-la-montagne-Matt-5-7.pdf\" target=\"_blank\" rel=\"noreferrer noopener\">Flyer pr\u00e9sentation zoom T1 2025<\/a><\/p>\n<h3 class=\"wp-block-heading has-text-align-center\">\u2666<\/h3>\n<h2 class=\"wp-block-heading has-text-align-center\">R\u00e9union de pri\u00e8res<\/h2>\n<h3 class=\"wp-block-heading has-text-align-center\">Au forum, tous les mardis \u00e0 18h15<\/h3>\n<h3 class=\"wp-block-heading has-text-align-center\">Chez Romond et Sandrine, tous les samedis \u00e0 18h<\/h3>\n<h4 class=\"wp-block-heading has-text-align-center\">\u2666<\/h4>\n<h2 class=\"wp-block-heading has-text-align-center\">Lecture biblique<\/h2>\n<h3 class=\"wp-block-heading has-text-align-center\">\u00e0 la r\u00e9sidence des colombes<\/h3>\n<h3 class=\"wp-block-heading has-text-align-center\">tous les mardis \u00e0 15h<\/h3>\n<h4 class=\"wp-block-heading has-text-align-center\">\u2666<\/h4>\n<h2 class=\"wp-block-heading has-text-align-center\">Culte \u00e0 la maison de retraite<\/h2>\n<h2 class=\"wp-block-heading has-text-align-center\">des Colombes<\/h2>\n<h3 class=\"wp-block-heading has-text-align-center\">le premier vendredi du mois \u00e0 16h45<\/h3>\n<h2 class=\"wp-block-heading has-text-align-center\">\u00e0 la maison de retraite protestante de Montalivet<\/h2>\n<h3 class=\"wp-block-heading has-text-align-center\">les autres vendredis \u00e0 16h45<\/h3>\n<p class=\"has-text-align-center\">\u2666<\/p>\n<h1 class=\"wp-block-heading has-text-align-center\">Janvier 2025<\/h1>\n<p class=\"has-text-align-center\">\u2666<\/p>\n<h3 class=\"wp-block-heading has-text-align-center\">Agenda de janvier 2025 \u00e0 t\u00e9l\u00e9charger ci-dessous<\/h3>\n<p class=\"has-text-align-center\"><a href=\"http:\/\/eelannonay.org\/wp-content\/uploads\/Agenda-EEL-Annonay-janvier-2025.pdf\" target=\"_blank\" rel=\"noreferrer noopener\">Programme EEL janvier 2025<\/a><\/p>\n<p class=\"has-text-align-center\">\u2666<\/p>\n<p><strong>Quelques dates \u00e0 retenir pour ce mois de <\/strong>janvier 2025<strong> :<\/strong><\/p>\n<p><strong>12\/01\u00a0: <\/strong><strong>Journ\u00e9e communautaire<\/strong> avec jeun, marche et pri\u00e8re d\u2019intercession pour la communaut\u00e9. Prions ardemment pour que le Seigneur guide notre action dans les mois \u00e0 venir. <strong>Prier<\/strong>\u00a0pour discerner, <strong>Prier ENSEMBLE<\/strong> parce que c\u2019est plus facile\u00a0!<\/p>\n<p><strong>26\/01\u00a0:<\/strong> <strong>\u00ab\u00a0Culte en commun avec l\u2019EPUDF\u00a0\u00bb<\/strong>\u00a0\u00e0 la chapelle de l\u2019EEL suivi d\u2019un repas partag\u00e9<\/p>\n<p class=\"has-text-align-center\">\u2666<\/p>\n<p class=\"has-text-align-center\">Retrouver toutes les dates, les rencontres, les lectures communautaires, les rencontres de pri\u00e8res, les rencontres du groupe de jeunes dans l\u2019agenda \u00e0 t\u00e9l\u00e9charger.<\/p>\n<p class=\"has-text-align-center\">\u2666<\/p>\n<h2 class=\"wp-block-heading has-text-align-center\">M\u00e9ditation du mois<\/h2>\n<h3 class=\"wp-block-heading has-text-align-center\">\u00ab\u00a0Peut-on encore croire que la communaut\u00e9 est un bienfait ?\u00a0\u00bb<br \/>\nLire Actes 2 : 42-47<\/h3>\n<p>Quand on voit le piteux spectacle que nous offre l\u2019Assembl\u00e9e Nationale depuis les derni\u00e8res \u00e9lections l\u00e9gislatives, on peut en douter ; nos chers d\u00e9put\u00e9s pensent tellement \u00e0 eux-m\u00eames et \u00e0 leur programme, qu\u2019ils oublient les autres donc la France. Si les d\u00e9put\u00e9s r\u00e9agissent ainsi, c\u2019est qu\u2019ils ne savent pas composer avec des gens qui ne pensent pas comme eux. Et ils ne le savent pas, car ils n\u2019ont jamais<br \/>\nd\u00e9sir\u00e9 l\u2019apprendre.<br \/>\nIl y a 2000 ans, les croyants de la premi\u00e8re communaut\u00e9 chr\u00e9tienne, eux, ont d\u00e9sir\u00e9 apprendre \u00e0 vivre ensemble. Et, ils l\u2019ont d\u00e9sir\u00e9 parce qu\u2019en entendant l\u2019ap\u00f4tre Pierre leur parler, ils se sont laiss\u00e9s bouleverser par Celui qu\u2019ils ne connaissaient pas encore, J\u00e9sus. C\u2019est la foi en J\u00e9sus qui a motiv\u00e9 tous ces gens \u00e0 apprendre la communaut\u00e9.<br \/>\nEt, cet apprentissage a consist\u00e9 \u00e0 pers\u00e9v\u00e9rer dans l\u2019enseignement de la parole, \u00e0 pers\u00e9v\u00e9rer dans la communion fraternelle, \u00e0 pers\u00e9v\u00e9rer dans la fraction du pain et \u00e0 pers\u00e9v\u00e9rer dans les pri\u00e8res.<br \/>\nUne chose est s\u00fbre, ils n\u2019ont pas \u00e9t\u00e9 d\u00e9\u00e7us d\u2019apprendre la communaut\u00e9 de cette mani\u00e8re. Et, ils ne l\u2019ont pas \u00e9t\u00e9 car cela a permis \u00e0 la communaut\u00e9 qu\u2019ils formaient de prendre soin de chacun d\u2019eux selon ses besoins gr\u00e2ce aux dons que chacun apportait. Tous \u00e9taient dans la joie, tous louaient Dieu dans le temple et ils trouvaient gr\u00e2ce aupr\u00e8s de tout le peuple. Sans conteste, la premi\u00e8re communaut\u00e9 a \u00e9t\u00e9 d\u2019un grand bienfait pour tous ceux qui la composaient et pour tout le peuple aussi.<br \/>\nSachons-le : si on ne croit plus que la communaut\u00e9 est un bienfait, ce n\u2019est pas parce qu\u2019elle est incapable de l\u2019\u00eatre 2000 ans apr\u00e8s, c\u2019est simplement parce que nous ne croyons plus au Seigneur J\u00e9sus.<br \/>\nR\u00e9veillons-nous donc, retrouvons la foi en J\u00e9sus pour nous remettre \u00e0 apprendre la communaut\u00e9 comme les premiers chr\u00e9tiens l\u2019ont fait. Nous permettrons alors que le Seigneur continue son oeuvre ici \u00e0 Annonay par des prodiges et des miracles bien plus grands encore que ceux que nous avons d\u00e9j\u00e0 connus.<br \/>\nBonne et heureuse ann\u00e9e b\u00e9nie dans le nom de J\u00e9sus et de sa communaut\u00e9.<\/p>\n<p>Jacques PETERSCHMITT, Pasteur<\/p>\n<div class=\"wp-block-image\">\n<figure class=\"aligncenter is-resized\"><img decoding=\"async\" class=\"wp-image-184\" style=\"aspect-ratio: 1.3350515463917525; width: 125px; height: auto;\" src=\"http:\/\/eelannonay.org\/wp-content\/uploads\/2018\/03\/formation-biblique-coeur.jpg\" alt=\"formation biblique coeur\" \/><\/figure>\n<\/div>\n<h2 class=\"wp-block-heading has-text-align-center\">Lecture de l\u2019\u00e9vangile \/ Echange autour de la parole<\/h2>\n<h2 class=\"wp-block-heading has-text-align-center\">Vous \u00eates les bienvenus<\/h2>\n<p class=\"has-text-align-center\">\u00a0\u2014<\/p>\n<h2 class=\"wp-block-heading has-text-align-center\">Au forum\u00a0(sous la chapelle, acc\u00e8s par la rue Saint Georges)<\/h2>\n<h3 class=\"wp-block-heading has-text-align-center\">\u00a0\u2014<\/h3>\n<h2 class=\"wp-block-heading has-text-align-center\">A F\u00e9lines chez David et Lydiane<\/h2>\n<h3 class=\"wp-block-heading has-text-align-center\">\u00a0\u2014<\/h3>\n<h2 class=\"wp-block-heading has-text-align-center\">Depuis chez soi avec l\u2019application ZOOM<\/h2>\n<h3 class=\"wp-block-heading has-text-align-center\">(lien transmis par Jacques)<\/h3>\n<h3 class=\"wp-block-heading has-text-align-center\"><strong><u>le cycle 2 de Partage de la Parole par ZOOM <\/u><\/strong>va commencer le <strong>mercredi 15 janvier \u00e0 20h00.<\/strong><\/h3>\n<p>Lors de ce cycle, nous nous mettrons \u00e0 l\u2019\u00e9coute de J\u00e9sus enseignant sur la montagne (voir flyer ci-joint).<\/p>\n<p><strong>5 s\u00e9ances<\/strong> auront lieu pour travailler les chapitres 5, 6 et 7 de Matthieu\u00a0: les <strong>15\/01<\/strong>\u00a0; <strong>29\/01<\/strong>\u00a0; <strong>12\/02<\/strong>\u00a0; <strong>26\/02<\/strong> et <strong>12\/03.<\/strong><\/p>\n<p>Ce cycle sera anim\u00e9 par <strong>Jo\u00ebl Geiser<\/strong>, pasteur de l\u2019EPUF de Vienne.<\/p>\n<p>Ce cycle de partage de la parole est une proposition commune de l\u2019EPUF et de l\u2019Eglise Libre d\u2019Annonay<\/p>\n<p class=\"has-text-align-center\"><a href=\"http:\/\/eelannonay.org\/wp-content\/uploads\/Cycle-2-2024-25-Le-discours-sur-la-montagne-Matt-5-7.pdf\" target=\"_blank\" rel=\"noreferrer noopener\">Flyer pr\u00e9sentation zoom T1 2025<\/a><\/p>\n<h3 class=\"wp-block-heading has-text-align-center\">\u2666<\/h3>\n<h2 class=\"wp-block-heading has-text-align-center\">R\u00e9union de pri\u00e8res<\/h2>\n<h3 class=\"wp-block-heading has-text-align-center\">Au forum, tous les mardis \u00e0 18h15<\/h3>\n<h3 class=\"wp-block-heading has-text-align-center\">Chez Romond et Sandrine, tous les samedis \u00e0 18h<\/h3>\n<h4 class=\"wp-block-heading has-text-align-center\">\u2666<\/h4>\n<h2 class=\"wp-block-heading has-text-align-center\">Lecture biblique<\/h2>\n<h3 class=\"wp-block-heading has-text-align-center\">\u00e0 la r\u00e9sidence des colombes<\/h3>\n<h3 class=\"wp-block-heading has-text-align-center\">tous les mardis \u00e0 15h<\/h3>\n<h4 class=\"wp-block-heading has-text-align-center\">\u2666<\/h4>\n<h2 class=\"wp-block-heading has-text-align-center\">Culte \u00e0 la maison de retraite<\/h2>\n<h2 class=\"wp-block-heading has-text-align-center\">des Colombes<\/h2>\n<h3 class=\"wp-block-heading has-text-align-center\">le premier vendredi du mois \u00e0 16h45<\/h3>\n<h2 class=\"wp-block-heading has-text-align-center\">\u00e0 la maison de retraite protestante de Montalivet<\/h2>\n<h3 class=\"wp-block-heading has-text-align-center\">les autres vendredis \u00e0 16h45<\/h3>\n<h4 class=\"wp-block-heading has-text-align-center\">\u2666<\/h4>\n<h1 class=\"wp-block-heading has-text-align-center\"><\/h1>\n<\/div>\n","protected":false},"excerpt":{"rendered":"<p>Culte tous les dimanches \u00e0 10h \u00e0 la chapelle Avec un temps de d\u00e9couverte de la bible pour les enfants Adresse : 7, boulevard de la R\u00e9publique, ANNONAY La salle dite du \u00ab\u00a0Forum\u00a0\u00bb, sous la chapelle, entr\u00e9e par la rue Saint Georges \u2666 Ann\u00e9e 2026 \u2666 Avril 2026 &nbsp; \u2666 Agenda du mois d&rsquo;avril 2026 [&hellip;]<\/p>\n","protected":false},"author":1,"featured_media":0,"parent":0,"menu_order":0,"comment_status":"closed","ping_status":"closed","template":"","meta":{"footnotes":""},"class_list":["post-17","page","type-page","status-publish","hentry"],"_links":{"self":[{"href":"http:\/\/www.eelannonay.org\/index.php\/wp-json\/wp\/v2\/pages\/17","targetHints":{"allow":["GET"]}}],"collection":[{"href":"http:\/\/www.eelannonay.org\/index.php\/wp-json\/wp\/v2\/pages"}],"about":[{"href":"http:\/\/www.eelannonay.org\/index.php\/wp-json\/wp\/v2\/types\/page"}],"author":[{"embeddable":true,"href":"http:\/\/www.eelannonay.org\/index.php\/wp-json\/wp\/v2\/users\/1"}],"replies":[{"embeddable":true,"href":"http:\/\/www.eelannonay.org\/index.php\/wp-json\/wp\/v2\/comments?post=17"}],"version-history":[{"count":203,"href":"http:\/\/www.eelannonay.org\/index.php\/wp-json\/wp\/v2\/pages\/17\/revisions"}],"predecessor-version":[{"id":1325,"href":"http:\/\/www.eelannonay.org\/index.php\/wp-json\/wp\/v2\/pages\/17\/revisions\/1325"}],"wp:attachment":[{"href":"http:\/\/www.eelannonay.org\/index.php\/wp-json\/wp\/v2\/media?parent=17"}],"curies":[{"name":"wp","href":"https:\/\/api.w.org\/{rel}","templated":true}]}}